{"id":15031,"date":"2023-10-09T12:12:33","date_gmt":"2023-10-09T10:12:33","guid":{"rendered":"https:\/\/www.drivemebarcelona.com\/?page_id=15031"},"modified":"2025-07-28T19:58:38","modified_gmt":"2025-07-28T17:58:38","slug":"alquilar-ferrari-portofino-m-barcelona","status":"publish","type":"page","link":"https:\/\/www.drivemebarcelona.com\/es\/alquilar-ferrari-portofino-m-barcelona\/","title":{"rendered":"Alquilar Ferrari Portofino M"},"content":{"rendered":"<div class=\"wpb-content-wrapper\">[vc_row full_width=\u00bbstretch_row_content_no_spaces\u00bb content_placement=\u00bbmiddle\u00bb el_class=\u00bb.header-product\u00bb css=\u00bb.vc_custom_1721297825806{background-image: url(https:\/\/www.drivemebarcelona.com\/wp-content\/uploads\/2024\/07\/Frame-58.png?id=18835) !important;background-position: center !important;background-repeat: no-repeat !important;background-size: cover !important;}\u00bb top_margin=\u00bb0&#8243;][vc_column][\/vc_column][\/vc_row][vc_row el_class=\u00bbcontainer-breadcrumbs\u00bb][vc_column][vc_raw_html el_id=\u00bbwpseo_breadcrumb\u00bb]JTVCd3BzZW9fYnJlYWRjcnVtYiU1RA==[\/vc_raw_html][\/vc_column][\/vc_row][vc_row el_class=\u00bb.m-intro mb-70-r\u00bb][vc_column css=\u00bb.vc_custom_1695721284395{margin-top: 5px !important;}\u00bb][vc_row_inner][vc_column_inner][vc_column_text css=\u00bb.vc_custom_1721388652947{margin-top: 6px !important;}\u00bb el_class=\u00bbmb-70&#8243;]\n<h1 style=\"text-align: center;\">Ferrari Portofino M<\/h1>\n[\/vc_column_text][vc_column_text css=\u00bb.vc_custom_1696846003392{margin-top: 10px !important;margin-bottom: 20px !important;margin-left: -15px !important;}\u00bb el_class=\u00bbtitulares mb-20&#8243;]\n<p class=\"text-from\" style=\"text-align: center; font-weight: bold;\">2 h desde 592 \u20ac<\/p>\n[\/vc_column_text][vc_column_text el_class=\u00bbcontainer-block\u00bb]\n<p style=\"text-align: center;\"><span style=\"font-weight: 400;\">En el <strong>Ferrari Portofino M<\/strong>, la velocidad, el estilo y la emoci\u00f3n alcanzan la excelencia. Su renovado dise\u00f1o y sus mejoras t\u00e9cnicas se unen para ofrecer una experiencia de conducci\u00f3n a\u00fan m\u00e1s vibrante. Alquila este impresionante Ferrari Portofino M y disfruta\u00a0 de este incre\u00edble coche de lujo en Barcelona. Experimenta la <strong>emocionante conducci\u00f3n<\/strong> de un Ferrari y siente la potencia del ic\u00f3nico Cavallino Rampante.\u00a0 <\/span><\/p>\n[\/vc_column_text][vc_btn title=\u00bbReservar ahora\u00bb style=\u00bbcustom\u00bb custom_background=\u00bb#e4231e\u00bb custom_text=\u00bb#ffffff\u00bb shape=\u00bbsquare\u00bb size=\u00bbxs\u00bb align=\u00bbcenter\u00bb css=\u00bb\u00bb el_class=\u00bbbtn-170&#8243; link=\u00bburl:%23reservation|title:%23reservation||\u00bb][\/vc_column_inner][\/vc_row_inner][\/vc_column][\/vc_row][vc_row full_width=\u00bbstretch_row\u00bb css=\u00bb.vc_custom_1696496711589{margin-bottom: 20px !important;background-color: #f5f5f5 !important;background-position: center !important;background-repeat: no-repeat !important;background-size: cover !important;}\u00bb el_class=\u00bb.section-bg .section-info\u00bb][vc_column][vc_row_inner css=\u00bb.vc_custom_1695721222959{padding-top: 20px !important;}\u00bb][vc_column_inner el_class=\u00bb.section-info-col\u00bb width=\u00bb1\/3&#8243; offset=\u00bbvc_col-xs-4&#8243;][vc_column_text el_class=\u00bb.check-bullet\u00bb]\n<h2 class=\"section-info-title\"><strong>Aceleraci\u00f3n<\/strong><\/h2>\n<p class=\"section-info-data\">3,45 seg<\/p>\n<p class=\"section-info-subdata\">0-100 km\/h<\/p>\n[\/vc_column_text][\/vc_column_inner][vc_column_inner el_class=\u00bb.section-info-col\u00bb width=\u00bb1\/3&#8243; offset=\u00bbvc_col-xs-4&#8243;][vc_column_text css=\u00bb\u00bb el_class=\u00bb.check-bullet\u00bb]\n<h2 class=\"section-info-title\"><strong>Potencia<\/strong><\/h2>\n<p class=\"section-info-data\">620 CV<\/p>\n<p class=\"section-info-subdata\">V8 Bi-Turbo<\/p>\n[\/vc_column_text][\/vc_column_inner][vc_column_inner el_class=\u00bb.section-info-col\u00bb width=\u00bb1\/3&#8243; offset=\u00bbvc_col-xs-4&#8243;][vc_column_text el_class=\u00bb.check-bullet\u00bb]\n<h2 class=\"section-info-title\"><strong>Asientos<\/strong><\/h2>\n<p class=\"section-info-data\">2+2<\/p>\n<p class=\"section-info-subdata\"><span style=\"font-weight: 400;\">Standards<\/span><\/p>\n[\/vc_column_text][\/vc_column_inner][\/vc_row_inner][\/vc_column][\/vc_row][vc_row full_width=\u00bbstretch_row\u00bb equal_height=\u00bbyes\u00bb css=\u00bb.vc_custom_1696517822414{margin-top: 20px !important;}\u00bb][vc_column][vc_row_inner content_placement=\u00bbmiddle\u00bb][vc_column_inner width=\u00bb1\/2&#8243;][vc_single_image image=\u00bb18648&#8243; img_size=\u00bb550&#215;450&#8243; css=\u00bb\u00bb][\/vc_column_inner][vc_column_inner width=\u00bb1\/2&#8243; css=\u00bb.vc_custom_1696518857429{margin-top: -20px !important;}\u00bb][vc_column_text]\n<h2><strong>Una imagen renovada<\/strong><\/h2>\n<p><span style=\"font-weight: 400;\">La adici\u00f3n de la \u00abM\u00bb en su nombre, que corresponde a \u00abModificatta\u00bb, indica que tanto sus prestaciones como su mec\u00e1nica han evolucionado notablemente respecto al modelo original. El Portofino M destaca por su dise\u00f1o est\u00e9tico <strong>m\u00e1s agresivo y deportivo<\/strong>, adem\u00e1s de incorporar una avanzada transmisi\u00f3n de doble embrague de 8 velocidades que potencia a\u00fan m\u00e1s su rendimiento. Adem\u00e1s, el Manettino incorpora el emocionante modo RACE, concebido espec\u00edficamente para potenciar al m\u00e1ximo la diversi\u00f3n al volante y explorar los l\u00edmites del coche.<\/span>[\/vc_column_text][\/vc_column_inner][\/vc_row_inner][vc_row_inner content_placement=\u00bbmiddle\u00bb][vc_column_inner width=\u00bb1\/2&#8243;][vc_single_image image=\u00bb18658&#8243; img_size=\u00bb550&#215;450&#8243; css=\u00bb\u00bb el_class=\u00bbhide_md_lg\u00bb][vc_column_text css=\u00bb.vc_custom_1696579935137{margin-top: -10px !important;}\u00bb]\n<h2><strong>Una aceleraci\u00f3n que quita el hipo<\/strong><\/h2>\n<p><span style=\"font-weight: 400;\">Su mejorado motor V8 Biturbo 3900cc ofrece 20 cv m\u00e1s con respecto a su predecesor, alcanzando los 620 CV y una velocidad m\u00e1xima de 320 km\/h. Adem\u00e1s, demuestra una asombrosa aceleraci\u00f3n, logrando el 0 a 100 en solo 3.45 segundos y el 0 a 200 en 9.8 segundos.<\/span>[\/vc_column_text][\/vc_column_inner][vc_column_inner width=\u00bb1\/2&#8243; offset=\u00bbvc_hidden-xs\u00bb][vc_single_image image=\u00bb18658&#8243; img_size=\u00bb550&#215;450&#8243; css=\u00bb\u00bb][\/vc_column_inner][\/vc_row_inner][vc_row_inner content_placement=\u00bbmiddle\u00bb][vc_column_inner width=\u00bb1\/2&#8243;][vc_single_image image=\u00bb18653&#8243; img_size=\u00bb550&#215;450&#8243; css=\u00bb\u00bb][\/vc_column_inner][vc_column_inner width=\u00bb1\/2&#8243; css=\u00bb.vc_custom_1696518960264{margin-top: -30px !important;}\u00bb][vc_column_text]\n<h2><strong>La armon\u00eda perfecta entre seguridad y comodidad<\/strong><\/h2>\n<p><span style=\"font-weight: 400;\">El Portofino M est\u00e1 equipado con la \u00faltima tecnolog\u00eda de asistencia de conducci\u00f3n, que incluye control de velocidad de crucero, sistema de frenado de emergencia predictivo, cambio autom\u00e1tico de luces, detector de punto ciego, reconocimiento de se\u00f1ales de tr\u00e1fico y alerta de cambio de carril. Esto te garantiza una experiencia de conducci\u00f3n segura y un nivel de comodidad incomparable.<\/span>[\/vc_column_text][\/vc_column_inner][\/vc_row_inner][vc_row_inner content_placement=\u00bbmiddle\u00bb][vc_column_inner width=\u00bb1\/2&#8243;][vc_single_image image=\u00bb18655&#8243; img_size=\u00bb550&#215;450&#8243; css=\u00bb\u00bb el_class=\u00bbhide_md_lg\u00bb][vc_column_text css=\u00bb.vc_custom_1696579994318{margin-top: -10px !important;}\u00bb]\n<h2><strong>Elegancia y deportividad fusionadas<\/strong><\/h2>\n<p><span style=\"font-weight: 400;\">La perfecta fusi\u00f3n entre la deportividad caracter\u00edstica de un GT y la elegancia de un cup\u00e9 descapotable convierten al Portofino M en un coche \u00fanico, dise\u00f1ado para brindar una experiencia inigualable. Adem\u00e1s, su interior renovado incluye asientos delanteros m\u00e1s finos que proporcionan un espacio ampliado y confortable para los pasajeros.<\/span>[\/vc_column_text][\/vc_column_inner][vc_column_inner width=\u00bb1\/2&#8243; offset=\u00bbvc_hidden-xs\u00bb][vc_single_image image=\u00bb18655&#8243; img_size=\u00bb550&#215;450&#8243; css=\u00bb\u00bb][\/vc_column_inner][\/vc_row_inner][\/vc_column][\/vc_row][vc_row full_width=\u00bbstretch_row\u00bb el_class=\u00bbrow-reservation mb-40&#8243;][vc_column css=\u00bb.vc_custom_1694588350287{padding-top: 35px !important;}\u00bb][vc_row_inner content_placement=\u00bbmiddle\u00bb el_id=\u00bbreservation\u00bb][vc_column_inner width=\u00bb1\/2&#8243;][vc_column_text]\n<div class=\"iframe-block\">\n<style>.iframe-block{width:300px;margin:0 auto;text-align:center}#rzd-modal .rzd-modal__close{padding:0 0 0 14px!important;border-radius:0 0 0 3px!important;height:30px!important;width:20px!important}<\/style>\n<p><script defer=\"\" type=\"text\/javascript\" src=\"https:\/\/drivemebarcelona.rezdy.com\/pluginJs\"><\/script><iframe loading=\"lazy\" class=\"rezdy\" src=\"https:\/\/drivemebarcelona.rezdy.com\/calendarWidget\/550206?iframe=true&amp;lang=es\" width=\"260px\" height=\"320px\" frameborder=\"0\" seamless=\"\"><\/iframe><\/p>\n<\/div>\n[\/vc_column_text][\/vc_column_inner][vc_column_inner width=\u00bb1\/2&#8243;][vc_column_text css=\u00bb.vc_custom_1753725516049{margin-top: -10px !important;}\u00bb]\n<h2><strong>Alquilar Ferrari Portofino M<\/strong><\/h2>\n<p><span style=\"font-weight: 400;\">Para reservar, selecciona tu fecha de alquiler para el <strong>Ferrari Portofino M<\/strong> en el calendario.<\/span><\/p>\n<div id=\"texto\">* Para alquilar tu Ferrari Portofino M por horas o d\u00edas, debes tener al menos 26 a\u00f1os de edad y realizar un dep\u00f3sito de 7.000 \u20ac el d\u00eda del alquiler.<\/div>\n<div id=\"texto\">* En algunas promociones, el total de kil\u00f3metros incluidos puede variar. Consulta nuestros T\u00e9rminos y Condiciones para m\u00e1s informaci\u00f3n.<\/div>\n<div id=\"texto1\"><span style=\"color: #e4231e;\"><a style=\"color: #e4231e;\" href=\"#21\">Conduce un Ferrari Portofino M desde 26 a\u00f1os y sin fianza<\/a><\/span><\/div>\n[\/vc_column_text][\/vc_column_inner][\/vc_row_inner][\/vc_column][\/vc_row][vc_row full_width=\u00bbstretch_row\u00bb equal_height=\u00bbyes\u00bb fullwidth=\u00bbyes\u00bb el_class=\u00bbslider-full mb-70-r\u00bb][vc_column css=\u00bb.vc_custom_1696495163931{margin-top: 50px !important;margin-bottom: 0px !important;}\u00bb el_class=\u00bb.text-center-md\u00bb][vc_masonry_media_grid element_width=\u00bb3&#8243; gap=\u00bb10&#8243; item=\u00bbmediaGrid_Default\u00bb css=\u00bb\u00bb initial_loading_animation=\u00bbfadeIn\u00bb grid_id=\u00bbvc_gid:1753725506723-434628e4-3fd3-0&#8243; include=\u00bb14846,18682,14853,18680,18689,18678,18684,18686&#8243;][vc_btn title=\u00bbReservar ahora\u00bb style=\u00bbcustom\u00bb custom_background=\u00bb#e4231e\u00bb custom_text=\u00bb#ffffff\u00bb shape=\u00bbsquare\u00bb size=\u00bbxs\u00bb align=\u00bbcenter\u00bb css=\u00bb.vc_custom_1732625588997{margin-top: 30px !important;}\u00bb el_class=\u00bbbtn-170&#8243; link=\u00bburl:%23reservation|title:%23reservation||\u00bb][\/vc_column][\/vc_row][vc_row full_width=\u00bbstretch_row\u00bb css=\u00bb.vc_custom_1694588127651{margin-top: 22px !important;margin-bottom: 0px !important;background-color: #f5f5f5 !important;}\u00bb el_class=\u00bbpt-30&#8243;][vc_column css=\u00bb.vc_custom_1696520816978{padding-top: 22px !important;}\u00bb el_id=\u00bb21&#8243;][vc_column_text css=\u00bb\u00bb]\n<h2 style=\"text-align: center;\">Conduce un Superdeportivo en Barcelona<\/h2>\n[\/vc_column_text][vc_column_text css=\u00bb\u00bb]\n<p style=\"text-align: center;\">Elige uno de nuestros City Tours y descubre Barcelona al volante de un superdeportivo con un gu\u00eda experto a tu lado<\/p>\n[\/vc_column_text][vc_column_text css=\u00bb.vc_custom_1753714020317{margin-top: -20px !important;}\u00bb]\n<div id=\"texto4\" class=\"text-intro\" style=\"text-align: center;\"><span style=\"font-weight: 200; color: #000000;\">Conduce un superdeportivo desde 26 a\u00f1os y sin fianza.<\/span><\/div>\n[\/vc_column_text][\/vc_column][\/vc_row][vc_row full_width=\u00bbstretch_row\u00bb gap=\u00bb25&#8243; equal_height=\u00bbyes\u00bb el_class=\u00bb.section-experiences mb-70 pb-70-r\u00bb css=\u00bb.vc_custom_1696509765801{background-color: #f5f5f5 !important;}\u00bb][vc_column width=\u00bb1\/4&#8243; el_class=\u00bbexperience-column experiencias-block-link\u00bb css=\u00bb.vc_custom_1706186735680{background-image: url(https:\/\/www.drivemebarcelona.com\/wp-content\/uploads\/2024\/01\/Miniatura-Test-Drive-10-mins-version-dark-v2.jpg?id=17106) !important;background-position: center !important;background-repeat: no-repeat !important;background-size: cover !important;}\u00bb][vc_column_text]\n<h3 class=\"experience-title\">Test Drive<\/h3>\n<p class=\"experience-time\">10 minutos<\/p>\n<p class=\"experience-price\">desde 48 \u20ac<\/p>\n[\/vc_column_text][vc_raw_html]JTNDYSUyMGhyZWYlM0QlMjIlMkZlcyUyRnRlc3QtZHJpdmUtYmFyY2Vsb25hLXNwJTJGJTIyJTNFJTNDJTJGYSUzRQ==[\/vc_raw_html][\/vc_column][vc_column width=\u00bb1\/4&#8243; css=\u00bb.vc_custom_1695889399923{background-image: url(\/wp-content\/uploads\/2019\/08\/Barceloneta-experience.jpg?id=10346) !important;background-position: center !important;background-repeat: no-repeat !important;background-size: cover !important;}\u00bb el_class=\u00bbexperience-column experiencias-block-link\u00bb][vc_column_text css=\u00bb\u00bb]\n<h3 class=\"experience-title\">Barceloneta y la Playa<\/h3>\n<p class=\"experience-time\">20 minutos<\/p>\n<p class=\"experience-price\">desde 98 \u20ac<\/p>\n[\/vc_column_text][vc_raw_html]JTNDYSUyMGhyZWYlM0QlMjIlMkZlcyUyRmJhcmNlbG9uZXRhLWxhLXBsYXlhJTJGJTIyJTNFJTNDJTJGYSUzRQ==[\/vc_raw_html][\/vc_column][vc_column width=\u00bb1\/4&#8243; css=\u00bb.vc_custom_1695889408715{background-image: url(\/wp-content\/uploads\/2019\/08\/Montjuic-experience.jpg?id=10348) !important;background-position: center !important;background-repeat: no-repeat !important;background-size: cover !important;}\u00bb el_class=\u00bbexperience-column experiencias-block-link\u00bb][vc_column_text css=\u00bb\u00bb]\n<h3 class=\"experience-titlev2\">Montjuic y Circuito Urbano de F1<\/h3>\n<p class=\"experience-time\">40 minutos<\/p>\n<p class=\"experience-price\">desde 188 \u20ac<\/p>\n[\/vc_column_text][vc_raw_html]JTNDYSUyMGhyZWYlM0QlMjIlMkZlcyUyRm1vbnRqdWljLWNpcmN1aXRvLXVyYmFuby1mMSUyRiUyMiUzRSUzQyUyRmElM0U=[\/vc_raw_html][\/vc_column][vc_column width=\u00bb1\/4&#8243; css=\u00bb.vc_custom_1695889416933{background-image: url(\/wp-content\/uploads\/2019\/08\/Tibidabo-experience.jpg?id=10350) !important;background-position: center !important;background-repeat: no-repeat !important;background-size: cover !important;}\u00bb el_class=\u00bbexperience-column experiencias-block-link\u00bb][vc_column_text]\n<h3 class=\"experience-title\">Tibidabo y el Skyline<\/h3>\n<p class=\"experience-time\">90 minutos<\/p>\n<p class=\"experience-price\">desde 368 \u20ac<\/p>\n[\/vc_column_text][vc_raw_html]JTNDYSUyMGhyZWYlM0QlMjIlMkZlcyUyRnRpYmlkYWJvLXktc2t5bGluZSUyRiUyMiUzRSUzQyUyRmElM0U=[\/vc_raw_html][\/vc_column][\/vc_row][vc_row][vc_column][\/vc_column][\/vc_row]\n<\/div>","protected":false},"excerpt":{"rendered":"<p>[vc_row full_width=\u00bbstretch_row_content_no_spaces\u00bb content_placement=\u00bbmiddle\u00bb el_class=\u00bb.header-product\u00bb css=\u00bb.vc_custom_1721297825806{background-image: url(https:\/\/www.drivemebarcelona.com\/wp-content\/uploads\/2024\/07\/Frame-58.png?id=18835) !important;background-position: center !important;background-repeat: no-repeat !important;background-size: cover !important;}\u00bb top_margin=\u00bb0&#8243;][vc_column][\/vc_column][\/vc_row][vc_row el_class=\u00bbcontainer-breadcrumbs\u00bb][vc_column][vc_raw_html el_id=\u00bbwpseo_breadcrumb\u00bb]JTVCd3BzZW9fYnJlYWRjcnVtYiU1RA==[\/vc_raw_html][\/vc_column][\/vc_row][vc_row el_class=\u00bb.m-intro mb-70-r\u00bb][vc_column css=\u00bb.vc_custom_1695721284395{margin-top: 5px !important;}\u00bb][vc_row_inner][vc_column_inner][vc_column_text css=\u00bb.vc_custom_1721388652947{margin-top: 6px !important;}\u00bb el_class=\u00bbmb-70&#8243;] [&hellip;]<\/p>\n","protected":false},"author":2,"featured_media":20195,"parent":0,"menu_order":0,"comment_status":"closed","ping_status":"closed","template":"","meta":{"_acf_changed":false,"footnotes":""},"acf":[],"yoast_head":"<!-- This site is optimized with the Yoast SEO plugin v24.2 - https:\/\/yoast.com\/wordpress\/plugins\/seo\/ -->\n<title>Alquilar Ferrari Portofino M - Drive Me Barcelona<\/title>\n<meta name=\"description\" content=\"Alquiler Ferrari Portofino M en Barcelona desde 592\u20ac, por 2 horas hasta un mes, con experiencias de conducci\u00f3n personalizadas.\" \/>\n<meta name=\"robots\" content=\"index, follow, max-snippet:-1, max-image-preview:large, max-video-preview:-1\" \/>\n<link rel=\"canonical\" href=\"https:\/\/www.drivemebarcelona.com\/es\/alquilar-ferrari-portofino-m-barcelona\/\" \/>\n<meta property=\"og:locale\" content=\"es_ES\" \/>\n<meta property=\"og:type\" content=\"article\" \/>\n<meta property=\"og:title\" content=\"Alquilar Ferrari Portofino M - Drive Me Barcelona\" \/>\n<meta property=\"og:description\" content=\"Alquiler Ferrari Portofino M en Barcelona desde 592\u20ac, por 2 horas hasta un mes, con experiencias de conducci\u00f3n personalizadas.\" \/>\n<meta property=\"og:url\" content=\"https:\/\/www.drivemebarcelona.com\/es\/alquilar-ferrari-portofino-m-barcelona\/\" \/>\n<meta property=\"og:site_name\" content=\"Drive Me Barcelona\" \/>\n<meta property=\"article:publisher\" content=\"https:\/\/www.facebook.com\/drivemebarcelona\" \/>\n<meta property=\"article:modified_time\" content=\"2025-07-28T17:58:38+00:00\" \/>\n<meta property=\"og:image\" content=\"https:\/\/www.drivemebarcelona.com\/wp-content\/uploads\/2024\/08\/Img_Dest_Ferrari_Portofino_M_Carbon.jpg\" \/>\n\t<meta property=\"og:image:width\" content=\"1200\" \/>\n\t<meta property=\"og:image:height\" content=\"628\" \/>\n\t<meta property=\"og:image:type\" content=\"image\/jpeg\" \/>\n<script type=\"application\/ld+json\" class=\"yoast-schema-graph\">{\"@context\":\"https:\/\/schema.org\",\"@graph\":[{\"@type\":\"WebPage\",\"@id\":\"https:\/\/www.drivemebarcelona.com\/es\/alquilar-ferrari-portofino-m-barcelona\/\",\"url\":\"https:\/\/www.drivemebarcelona.com\/es\/alquilar-ferrari-portofino-m-barcelona\/\",\"name\":\"Alquilar Ferrari Portofino M - Drive Me Barcelona\",\"isPartOf\":{\"@id\":\"https:\/\/www.drivemebarcelona.com\/#website\"},\"primaryImageOfPage\":{\"@id\":\"https:\/\/www.drivemebarcelona.com\/es\/alquilar-ferrari-portofino-m-barcelona\/#primaryimage\"},\"image\":{\"@id\":\"https:\/\/www.drivemebarcelona.com\/es\/alquilar-ferrari-portofino-m-barcelona\/#primaryimage\"},\"thumbnailUrl\":\"https:\/\/www.drivemebarcelona.com\/wp-content\/uploads\/2024\/08\/Img_Dest_Ferrari_Portofino_M_Carbon.jpg\",\"datePublished\":\"2023-10-09T10:12:33+00:00\",\"dateModified\":\"2025-07-28T17:58:38+00:00\",\"description\":\"Alquiler Ferrari Portofino M en Barcelona desde 592\u20ac, por 2 horas hasta un mes, con experiencias de conducci\u00f3n personalizadas.\",\"breadcrumb\":{\"@id\":\"https:\/\/www.drivemebarcelona.com\/es\/alquilar-ferrari-portofino-m-barcelona\/#breadcrumb\"},\"inLanguage\":\"es\",\"potentialAction\":[{\"@type\":\"ReadAction\",\"target\":[\"https:\/\/www.drivemebarcelona.com\/es\/alquilar-ferrari-portofino-m-barcelona\/\"]}]},{\"@type\":\"ImageObject\",\"inLanguage\":\"es\",\"@id\":\"https:\/\/www.drivemebarcelona.com\/es\/alquilar-ferrari-portofino-m-barcelona\/#primaryimage\",\"url\":\"https:\/\/www.drivemebarcelona.com\/wp-content\/uploads\/2024\/08\/Img_Dest_Ferrari_Portofino_M_Carbon.jpg\",\"contentUrl\":\"https:\/\/www.drivemebarcelona.com\/wp-content\/uploads\/2024\/08\/Img_Dest_Ferrari_Portofino_M_Carbon.jpg\",\"width\":1200,\"height\":628},{\"@type\":\"BreadcrumbList\",\"@id\":\"https:\/\/www.drivemebarcelona.com\/es\/alquilar-ferrari-portofino-m-barcelona\/#breadcrumb\",\"itemListElement\":[{\"@type\":\"ListItem\",\"position\":1,\"name\":\"Home\",\"item\":\"https:\/\/www.drivemebarcelona.com\/es\/\"},{\"@type\":\"ListItem\",\"position\":2,\"name\":\"Alquilar Ferrari Portofino M\"}]},{\"@type\":\"WebSite\",\"@id\":\"https:\/\/www.drivemebarcelona.com\/#website\",\"url\":\"https:\/\/www.drivemebarcelona.com\/\",\"name\":\"Drive Me Barcelona\",\"description\":\"Conduce un Ferrari en Barcelona\",\"publisher\":{\"@id\":\"https:\/\/www.drivemebarcelona.com\/#organization\"},\"potentialAction\":[{\"@type\":\"SearchAction\",\"target\":{\"@type\":\"EntryPoint\",\"urlTemplate\":\"https:\/\/www.drivemebarcelona.com\/?s={search_term_string}\"},\"query-input\":{\"@type\":\"PropertyValueSpecification\",\"valueRequired\":true,\"valueName\":\"search_term_string\"}}],\"inLanguage\":\"es\"},{\"@type\":\"Organization\",\"@id\":\"https:\/\/www.drivemebarcelona.com\/#organization\",\"name\":\"Drive Me Barcelona S.L.\",\"url\":\"https:\/\/www.drivemebarcelona.com\/\",\"logo\":{\"@type\":\"ImageObject\",\"inLanguage\":\"es\",\"@id\":\"https:\/\/www.drivemebarcelona.com\/#\/schema\/logo\/image\/\",\"url\":\"https:\/\/www.drivemebarcelona.com\/wp-content\/uploads\/2015\/01\/LOGO-maintenance\u00ae.png\",\"contentUrl\":\"https:\/\/www.drivemebarcelona.com\/wp-content\/uploads\/2015\/01\/LOGO-maintenance\u00ae.png\",\"width\":600,\"height\":145,\"caption\":\"Drive Me Barcelona S.L.\"},\"image\":{\"@id\":\"https:\/\/www.drivemebarcelona.com\/#\/schema\/logo\/image\/\"},\"sameAs\":[\"https:\/\/www.facebook.com\/drivemebarcelona\",\"https:\/\/x.com\/DriveMeBarcelon\",\"https:\/\/instagram.com\/drivemebarcelona\/\",\"https:\/\/es.pinterest.com\/drivemebarca\/\",\"https:\/\/www.youtube.com\/channel\/UCTBEtyrPd6HQ-QlERO84rxQ\"]}]}<\/script>\n<!-- \/ Yoast SEO plugin. -->","yoast_head_json":{"title":"Alquilar Ferrari Portofino M - Drive Me Barcelona","description":"Alquiler Ferrari Portofino M en Barcelona desde 592\u20ac, por 2 horas hasta un mes, con experiencias de conducci\u00f3n personalizadas.","robots":{"index":"index","follow":"follow","max-snippet":"max-snippet:-1","max-image-preview":"max-image-preview:large","max-video-preview":"max-video-preview:-1"},"canonical":"https:\/\/www.drivemebarcelona.com\/es\/alquilar-ferrari-portofino-m-barcelona\/","og_locale":"es_ES","og_type":"article","og_title":"Alquilar Ferrari Portofino M - Drive Me Barcelona","og_description":"Alquiler Ferrari Portofino M en Barcelona desde 592\u20ac, por 2 horas hasta un mes, con experiencias de conducci\u00f3n personalizadas.","og_url":"https:\/\/www.drivemebarcelona.com\/es\/alquilar-ferrari-portofino-m-barcelona\/","og_site_name":"Drive Me Barcelona","article_publisher":"https:\/\/www.facebook.com\/drivemebarcelona","article_modified_time":"2025-07-28T17:58:38+00:00","og_image":[{"width":1200,"height":628,"url":"https:\/\/www.drivemebarcelona.com\/wp-content\/uploads\/2024\/08\/Img_Dest_Ferrari_Portofino_M_Carbon.jpg","type":"image\/jpeg"}],"schema":{"@context":"https:\/\/schema.org","@graph":[{"@type":"WebPage","@id":"https:\/\/www.drivemebarcelona.com\/es\/alquilar-ferrari-portofino-m-barcelona\/","url":"https:\/\/www.drivemebarcelona.com\/es\/alquilar-ferrari-portofino-m-barcelona\/","name":"Alquilar Ferrari Portofino M - Drive Me Barcelona","isPartOf":{"@id":"https:\/\/www.drivemebarcelona.com\/#website"},"primaryImageOfPage":{"@id":"https:\/\/www.drivemebarcelona.com\/es\/alquilar-ferrari-portofino-m-barcelona\/#primaryimage"},"image":{"@id":"https:\/\/www.drivemebarcelona.com\/es\/alquilar-ferrari-portofino-m-barcelona\/#primaryimage"},"thumbnailUrl":"https:\/\/www.drivemebarcelona.com\/wp-content\/uploads\/2024\/08\/Img_Dest_Ferrari_Portofino_M_Carbon.jpg","datePublished":"2023-10-09T10:12:33+00:00","dateModified":"2025-07-28T17:58:38+00:00","description":"Alquiler Ferrari Portofino M en Barcelona desde 592\u20ac, por 2 horas hasta un mes, con experiencias de conducci\u00f3n personalizadas.","breadcrumb":{"@id":"https:\/\/www.drivemebarcelona.com\/es\/alquilar-ferrari-portofino-m-barcelona\/#breadcrumb"},"inLanguage":"es","potentialAction":[{"@type":"ReadAction","target":["https:\/\/www.drivemebarcelona.com\/es\/alquilar-ferrari-portofino-m-barcelona\/"]}]},{"@type":"ImageObject","inLanguage":"es","@id":"https:\/\/www.drivemebarcelona.com\/es\/alquilar-ferrari-portofino-m-barcelona\/#primaryimage","url":"https:\/\/www.drivemebarcelona.com\/wp-content\/uploads\/2024\/08\/Img_Dest_Ferrari_Portofino_M_Carbon.jpg","contentUrl":"https:\/\/www.drivemebarcelona.com\/wp-content\/uploads\/2024\/08\/Img_Dest_Ferrari_Portofino_M_Carbon.jpg","width":1200,"height":628},{"@type":"BreadcrumbList","@id":"https:\/\/www.drivemebarcelona.com\/es\/alquilar-ferrari-portofino-m-barcelona\/#breadcrumb","itemListElement":[{"@type":"ListItem","position":1,"name":"Home","item":"https:\/\/www.drivemebarcelona.com\/es\/"},{"@type":"ListItem","position":2,"name":"Alquilar Ferrari Portofino M"}]},{"@type":"WebSite","@id":"https:\/\/www.drivemebarcelona.com\/#website","url":"https:\/\/www.drivemebarcelona.com\/","name":"Drive Me Barcelona","description":"Conduce un Ferrari en Barcelona","publisher":{"@id":"https:\/\/www.drivemebarcelona.com\/#organization"},"potentialAction":[{"@type":"SearchAction","target":{"@type":"EntryPoint","urlTemplate":"https:\/\/www.drivemebarcelona.com\/?s={search_term_string}"},"query-input":{"@type":"PropertyValueSpecification","valueRequired":true,"valueName":"search_term_string"}}],"inLanguage":"es"},{"@type":"Organization","@id":"https:\/\/www.drivemebarcelona.com\/#organization","name":"Drive Me Barcelona S.L.","url":"https:\/\/www.drivemebarcelona.com\/","logo":{"@type":"ImageObject","inLanguage":"es","@id":"https:\/\/www.drivemebarcelona.com\/#\/schema\/logo\/image\/","url":"https:\/\/www.drivemebarcelona.com\/wp-content\/uploads\/2015\/01\/LOGO-maintenance\u00ae.png","contentUrl":"https:\/\/www.drivemebarcelona.com\/wp-content\/uploads\/2015\/01\/LOGO-maintenance\u00ae.png","width":600,"height":145,"caption":"Drive Me Barcelona S.L."},"image":{"@id":"https:\/\/www.drivemebarcelona.com\/#\/schema\/logo\/image\/"},"sameAs":["https:\/\/www.facebook.com\/drivemebarcelona","https:\/\/x.com\/DriveMeBarcelon","https:\/\/instagram.com\/drivemebarcelona\/","https:\/\/es.pinterest.com\/drivemebarca\/","https:\/\/www.youtube.com\/channel\/UCTBEtyrPd6HQ-QlERO84rxQ"]}]}},"_links":{"self":[{"href":"https:\/\/www.drivemebarcelona.com\/es\/wp-json\/wp\/v2\/pages\/15031"}],"collection":[{"href":"https:\/\/www.drivemebarcelona.com\/es\/wp-json\/wp\/v2\/pages"}],"about":[{"href":"https:\/\/www.drivemebarcelona.com\/es\/wp-json\/wp\/v2\/types\/page"}],"author":[{"embeddable":true,"href":"https:\/\/www.drivemebarcelona.com\/es\/wp-json\/wp\/v2\/users\/2"}],"replies":[{"embeddable":true,"href":"https:\/\/www.drivemebarcelona.com\/es\/wp-json\/wp\/v2\/comments?post=15031"}],"version-history":[{"count":3,"href":"https:\/\/www.drivemebarcelona.com\/es\/wp-json\/wp\/v2\/pages\/15031\/revisions"}],"predecessor-version":[{"id":23664,"href":"https:\/\/www.drivemebarcelona.com\/es\/wp-json\/wp\/v2\/pages\/15031\/revisions\/23664"}],"wp:featuredmedia":[{"embeddable":true,"href":"https:\/\/www.drivemebarcelona.com\/es\/wp-json\/wp\/v2\/media\/20195"}],"wp:attachment":[{"href":"https:\/\/www.drivemebarcelona.com\/es\/wp-json\/wp\/v2\/media?parent=15031"}],"curies":[{"name":"wp","href":"https:\/\/api.w.org\/{rel}","templated":true}]}}