{"id":15537,"date":"2023-10-17T12:44:11","date_gmt":"2023-10-17T10:44:11","guid":{"rendered":"https:\/\/www.drivemebarcelona.com\/?page_id=15537"},"modified":"2024-07-26T16:03:08","modified_gmt":"2024-07-26T14:03:08","slug":"alquilar-bmw-m8-competition-barcelona","status":"publish","type":"page","link":"https:\/\/www.drivemebarcelona.com\/es\/alquilar-bmw-m8-competition-barcelona\/","title":{"rendered":"Alquilar BMW M8 Competition en Barcelona"},"content":{"rendered":"<div class=\"wpb-content-wrapper\">[vc_row full_width=\u00bbstretch_row_content_no_spaces\u00bb content_placement=\u00bbmiddle\u00bb el_class=\u00bb.header-product\u00bb css=\u00bb.vc_custom_1697469996659{background-image: url(https:\/\/www.drivemebarcelona.com\/wp-content\/uploads\/2023\/10\/Tamano-de-banner-web_DriveMe_-3.jpg?id=15542) !important;background-position: center !important;background-repeat: no-repeat !important;background-size: cover !important;}\u00bb top_margin=\u00bb0&#8243;][vc_column][\/vc_column][\/vc_row][vc_row el_class=\u00bbcontainer-breadcrumbs\u00bb][vc_column][vc_raw_html el_id=\u00bbwpseo_breadcrumb\u00bb]JTVCd3BzZW9fYnJlYWRjcnVtYiU1RA==[\/vc_raw_html][\/vc_column][\/vc_row][vc_row el_class=\u00bb.m-intro mb-70-r\u00bb][vc_column css=\u00bb.vc_custom_1695721284395{margin-top: 5px !important;}\u00bb][vc_row_inner][vc_column_inner][vc_column_text css=\u00bb.vc_custom_1697529160425{margin-top: 6px !important;}\u00bb el_class=\u00bbmb-70&#8243;]\n<h1 style=\"text-align: center;\">Alquilar BMW M8 Competition<\/h1>\n[\/vc_column_text][vc_column_text css=\u00bb.vc_custom_1697529145925{margin-top: 10px !important;margin-bottom: 20px !important;margin-left: -15px !important;}\u00bb el_class=\u00bbtitulares mb-20&#8243;]\n<p class=\"text-from\" style=\"text-align: center; font-weight: bold;\">2 h desde 354 \u20ac<\/p>\n[\/vc_column_text][vc_column_text el_class=\u00bbcontainer-block\u00bb]\n<p style=\"text-align: center;\"><span style=\"font-weight: 400;\">Descubre el lujo de alquilar un <strong>BMW M8 Competition<\/strong> en Barcelona y vive una experiencia \u00fanica. Explora las impresionantes calles de Barcelona con <strong>estilo y elegancia<\/strong> a bordo de un coche de lujo mientras experimenta su enorme potencia. En nuestra flota de coches de lujo en Barcelona, te espera la experiencia incomparable de conducir un BMW M8 Competition. Asegura tu reserva y no dejes escapar esta oportunidad.<\/span><\/p>\n[\/vc_column_text][vc_btn title=\u00bbAlquilar ahora\u00bb style=\u00bbcustom\u00bb custom_background=\u00bb#e4231e\u00bb custom_text=\u00bb#ffffff\u00bb shape=\u00bbsquare\u00bb size=\u00bbxs\u00bb align=\u00bbcenter\u00bb el_class=\u00bbbtn-170&#8243; link=\u00bburl:%23reservation|title:%23reservation||\u00bb][\/vc_column_inner][\/vc_row_inner][\/vc_column][\/vc_row][vc_row full_width=\u00bbstretch_row\u00bb css=\u00bb.vc_custom_1696496711589{margin-bottom: 20px !important;background-color: #f5f5f5 !important;background-position: center !important;background-repeat: no-repeat !important;background-size: cover !important;}\u00bb el_class=\u00bb.section-bg .section-info\u00bb][vc_column][vc_row_inner css=\u00bb.vc_custom_1695721222959{padding-top: 20px !important;}\u00bb][vc_column_inner el_class=\u00bb.section-info-col\u00bb width=\u00bb1\/3&#8243; offset=\u00bbvc_col-xs-4&#8243;][vc_column_text el_class=\u00bb.check-bullet\u00bb]\n<h2 class=\"section-info-title\"><strong>Aceleraci\u00f3n<\/strong><\/h2>\n<p class=\"section-info-data\">3,2 seg<\/p>\n<p class=\"section-info-subdata\">0-100 km\/h<\/p>\n[\/vc_column_text][\/vc_column_inner][vc_column_inner el_class=\u00bb.section-info-col\u00bb width=\u00bb1\/3&#8243; offset=\u00bbvc_col-xs-4&#8243;][vc_column_text el_class=\u00bb.check-bullet\u00bb]\n<h2 class=\"section-info-title\"><strong>Potencia<\/strong><\/h2>\n<p class=\"section-info-data\">625 CV<\/p>\n<p class=\"section-info-subdata\">V6 Biturbo<\/p>\n[\/vc_column_text][\/vc_column_inner][vc_column_inner el_class=\u00bb.section-info-col\u00bb width=\u00bb1\/3&#8243; offset=\u00bbvc_col-xs-4&#8243;][vc_column_text el_class=\u00bb.check-bullet\u00bb]\n<h2 class=\"section-info-title\"><strong>Asientos<\/strong><\/h2>\n<p class=\"section-info-data\">4<\/p>\n<p class=\"section-info-subdata\">standars<\/p>\n[\/vc_column_text][\/vc_column_inner][\/vc_row_inner][\/vc_column][\/vc_row][vc_row full_width=\u00bbstretch_row\u00bb equal_height=\u00bbyes\u00bb css=\u00bb.vc_custom_1696517822414{margin-top: 20px !important;}\u00bb][vc_column][vc_row_inner content_placement=\u00bbmiddle\u00bb][vc_column_inner width=\u00bb1\/2&#8243;][vc_single_image image=\u00bb15544&#8243; img_size=\u00bb550&#215;450&#8243;][\/vc_column_inner][vc_column_inner width=\u00bb1\/2&#8243; css=\u00bb.vc_custom_1696518857429{margin-top: -20px !important;}\u00bb][vc_column_text]\n<h2><strong>El coche de producci\u00f3n m\u00e1s potente de BMW<\/strong><\/h2>\n<p><span style=\"font-weight: 400;\">Impulsado por un <strong>motor V8 twin turbo<\/strong> de 4.4 litros, desencadena una abrumadora potencia de 625 CV y un par motor de 750 Nm. Adem\u00e1s, cuenta con una transmisi\u00f3n autom\u00e1tica M Steptronic de 8 velocidades que le permite acelerar de 0 a 100 km\/h en tan solo 3,2 segundos. Estas cifras lo posicionan, junto con el M5 Competition, como el coche de producci\u00f3n <strong>m\u00e1s potente de BMW<\/strong>. Adem\u00e1s, gracias a la tecnolog\u00eda M xDrive, cuenta con un diferencial M activo que ofrece la versatilidad de elegir entre tracci\u00f3n a las cuatro ruedas para aumentar la tracci\u00f3n en condiciones adversas o tracci\u00f3n trasera para una respuesta m\u00e1s directa e inmediata.<\/span>[\/vc_column_text][\/vc_column_inner][\/vc_row_inner][vc_row_inner content_placement=\u00bbmiddle\u00bb][vc_column_inner width=\u00bb1\/2&#8243;][vc_single_image image=\u00bb15554&#8243; img_size=\u00bb550&#215;450&#8243; el_class=\u00bbhide_md_lg\u00bb][vc_column_text css=\u00bb.vc_custom_1697529703760{margin-top: -10px !important;}\u00bb]\n<h2><strong>Un interior de gran sofisticaci\u00f3n<\/strong><\/h2>\n<p><span style=\"font-weight: 400;\">Su interior es una fusi\u00f3n perfecta de<strong> lujo y deportividad<\/strong>. Los asientos deportivos, tapizados en alc\u00e1ntara y cuero, ofrecen una comodidad y sujeci\u00f3n excepcionales. Adem\u00e1s, la pantalla t\u00e1ctil central de 10.25\u201d con el sistema iDrive 7 brinda opciones de navegaci\u00f3n, entretenimiento y conectividad, mientras que el cuadro de instrumentos digital de 12.3\u201d proporciona <strong>informaci\u00f3n en tiempo real<\/strong> sobre la conducci\u00f3n.<\/span>[\/vc_column_text][\/vc_column_inner][vc_column_inner width=\u00bb1\/2&#8243; offset=\u00bbvc_hidden-xs\u00bb][vc_single_image image=\u00bb15554&#8243; img_size=\u00bb550&#215;450&#8243;][\/vc_column_inner][\/vc_row_inner][vc_row_inner content_placement=\u00bbmiddle\u00bb][vc_column_inner width=\u00bb1\/2&#8243;][vc_single_image image=\u00bb15548&#8243; img_size=\u00bb550&#215;450&#8243;][\/vc_column_inner][vc_column_inner width=\u00bb1\/2&#8243; css=\u00bb.vc_custom_1696518960264{margin-top: -30px !important;}\u00bb][vc_column_text]\n<h2><strong>Presencia dominante<\/strong><\/h2>\n<p><span style=\"font-weight: 400;\">Su carrocer\u00eda luce un <strong>dise\u00f1o aerodin\u00e1mico<\/strong> que fusiona l\u00edneas fluidas con una apariencia musculosa. La ic\u00f3nica parrilla de doble ri\u00f1\u00f3n se ha ampliado y presenta detalles exclusivos de la l\u00ednea M, lo que le confiere un aspecto <strong>m\u00e1s agresivo y distintivo<\/strong>. Adem\u00e1s, cuenta con unos parachoques delanteros y traseros redise\u00f1ados, llantas de aleaci\u00f3n ligeras y un sistema de escape deportivo.<\/span>[\/vc_column_text][\/vc_column_inner][\/vc_row_inner][vc_row_inner content_placement=\u00bbmiddle\u00bb][vc_column_inner width=\u00bb1\/2&#8243;][vc_single_image image=\u00bb15559&#8243; img_size=\u00bb550&#215;450&#8243; el_class=\u00bbhide_md_lg\u00bb][vc_column_text css=\u00bb.vc_custom_1697529496108{margin-top: -10px !important;}\u00bb]\n<h2><strong>Frenos M sport configurables<\/strong><\/h2>\n<p><span style=\"font-weight: 400;\">Su sistema de frenos se basa en <strong>tecnolog\u00eda electr\u00f3nica avanzada<\/strong> y ofrece la posibilidad de configurar el tacto del pedal del freno. Ofrece dos modos de funcionamiento, COMFORT y SPORT, que ajustan la presi\u00f3n ejercida sobre el pedal al frenar, proporcionando diferentes niveles de sensibilidad y respuesta. En modo<strong> Confort<\/strong>, el sistema est\u00e1 orientado al uso cotidiano del veh\u00edculo, mientras que en el modo <strong>Sport<\/strong>, el pedal ofrece una respuesta m\u00e1s inmediata y firme, proporcionando una conducci\u00f3n m\u00e1s deportiva y directa.<\/span>[\/vc_column_text][\/vc_column_inner][vc_column_inner width=\u00bb1\/2&#8243; offset=\u00bbvc_hidden-xs\u00bb][vc_single_image image=\u00bb15559&#8243; img_size=\u00bb550&#215;450&#8243;][\/vc_column_inner][\/vc_row_inner][\/vc_column][\/vc_row][vc_row full_width=\u00bbstretch_row\u00bb el_class=\u00bbrow-reservation mb-40&#8243;][vc_column css=\u00bb.vc_custom_1694588350287{padding-top: 35px !important;}\u00bb][vc_row_inner content_placement=\u00bbmiddle\u00bb el_id=\u00bbreservation\u00bb][vc_column_inner][vc_column_text css=\u00bb.vc_custom_1722002585589{margin-top: -10px !important;}\u00bb]\n<h2 style=\"text-align: center;\"><strong>Alquilar BMW M8 Competition<\/strong><\/h2>\n<p style=\"text-align: center;\"><em>Este modelo no se encuentra actualmente disponible.<\/em><\/p>\n<div id=\"texto\" style=\"text-align: center;\"><span style=\"color: #ff0000;\"><a style=\"color: #ff0000;\" href=\"\/es\/flota\">Ver flota de coches<\/a>\u00a0<\/span>|<span style=\"color: #ff0000;\"> <a style=\"color: #ff0000;\" href=\"https:\/\/www.drivemebarcelona.com\/es\/experiencias\/\">Ver experiencias de conducci\u00f3n<\/a><\/span><\/div>\n[\/vc_column_text][\/vc_column_inner][\/vc_row_inner][\/vc_column][\/vc_row][vc_row full_width=\u00bbstretch_row\u00bb equal_height=\u00bbyes\u00bb fullwidth=\u00bbyes\u00bb el_class=\u00bbslider-full mb-70-r\u00bb][vc_column css=\u00bb.vc_custom_1696495163931{margin-top: 50px !important;margin-bottom: 0px !important;}\u00bb el_class=\u00bb.text-center-md\u00bb][vc_masonry_media_grid element_width=\u00bb3&#8243; gap=\u00bb10&#8243; item=\u00bbmediaGrid_Default\u00bb initial_loading_animation=\u00bbfadeIn\u00bb grid_id=\u00bbvc_gid:1722002555150-39a3207d-11dc-8&#8243; include=\u00bb15568,15564,15566,15572,15576,15570,15562,15574&#8243;][vc_btn title=\u00bbAlquilar ahora\u00bb style=\u00bbcustom\u00bb custom_background=\u00bb#e4231e\u00bb custom_text=\u00bb#ffffff\u00bb shape=\u00bbsquare\u00bb size=\u00bbxs\u00bb align=\u00bbcenter\u00bb css=\u00bb.vc_custom_1695391178572{margin-top: 30px !important;}\u00bb el_class=\u00bbbtn-170&#8243; link=\u00bburl:%23reservation|title:%23reservation||\u00bb][\/vc_column][\/vc_row][vc_row full_width=\u00bbstretch_row\u00bb css=\u00bb.vc_custom_1694588127651{margin-top: 22px !important;margin-bottom: 0px !important;background-color: #f5f5f5 !important;}\u00bb el_class=\u00bbpt-30&#8243;][vc_column css=\u00bb.vc_custom_1696520816978{padding-top: 22px !important;}\u00bb el_id=\u00bb21&#8243;][vc_column_text]\n<h2 style=\"text-align: center;\"><b>Experiencias con coches de lujo en Barcelona<\/b><\/h2>\n[\/vc_column_text][vc_column_text]\n<p style=\"text-align: center;\">Elige uno de nuestros City Tours y descubre Barcelona al volante de un super deportivo con un gu\u00eda experto a tu lado<\/p>\n[\/vc_column_text][vc_column_text css=\u00bb.vc_custom_1698236817983{margin-top: -20px !important;}\u00bb]\n<div id=\"texto4\" class=\"text-intro\" style=\"text-align: center;\"><span style=\"font-weight: 200; color: #000000;\">Conduce tu superdeportivo desde 21 a\u00f1os y sin fianza.<\/span><\/div>\n[\/vc_column_text][\/vc_column][\/vc_row][vc_row full_width=\u00bbstretch_row\u00bb gap=\u00bb25&#8243; equal_height=\u00bbyes\u00bb el_class=\u00bb.section-experiences mb-70 pb-70-r\u00bb css=\u00bb.vc_custom_1696509765801{background-color: #f5f5f5 !important;}\u00bb][vc_column width=\u00bb1\/3&#8243; css=\u00bb.vc_custom_1695889399923{background-image: url(\/wp-content\/uploads\/2019\/08\/Barceloneta-experience.jpg?id=10346) !important;background-position: center !important;background-repeat: no-repeat !important;background-size: cover !important;}\u00bb el_class=\u00bbexperience-column experiencias-block-link\u00bb][vc_column_text]\n<h3 class=\"experience-title\">Barceloneta y la playa<\/h3>\n<p class=\"experience-time\">20 minutos<\/p>\n<p class=\"experience-price\">desde\u00a088 \u20ac<\/p>\n[\/vc_column_text][vc_raw_html]JTNDYSUyMGhyZWYlM0QlMjIlMkZiYXJjZWxvbmV0YS10aGUtYmVhY2glMkYlMjIlM0UlM0MlMkZhJTNF[\/vc_raw_html][\/vc_column][vc_column width=\u00bb1\/3&#8243; css=\u00bb.vc_custom_1695889408715{background-image: url(\/wp-content\/uploads\/2019\/08\/Montjuic-experience.jpg?id=10348) !important;background-position: center !important;background-repeat: no-repeat !important;background-size: cover !important;}\u00bb el_class=\u00bbexperience-column experiencias-block-link\u00bb][vc_column_text]\n<h3 class=\"experience-title\">Montjuic y Circuito urbano de F1<\/h3>\n<p class=\"experience-time\">40 minutos<\/p>\n<p class=\"experience-price\">desde 169 \u20ac<\/p>\n[\/vc_column_text][vc_raw_html]JTNDYSUyMGhyZWYlM0QlMjIlMkZtb250anVpYy11cmJhbi1mMS1jaXJjdWl0JTJGJTIyJTNFJTNDJTJGYSUzRQ==[\/vc_raw_html][\/vc_column][vc_column width=\u00bb1\/3&#8243; css=\u00bb.vc_custom_1695889416933{background-image: url(\/wp-content\/uploads\/2019\/08\/Tibidabo-experience.jpg?id=10350) !important;background-position: center !important;background-repeat: no-repeat !important;background-size: cover !important;}\u00bb el_class=\u00bbexperience-column experiencias-block-link\u00bb][vc_column_text]\n<h3 class=\"experience-title\">Tibidabo y el Skyline<\/h3>\n<p class=\"experience-time\">90 minutos<\/p>\n<p class=\"experience-price\">desde 349 \u20ac<\/p>\n[\/vc_column_text][vc_raw_html]JTNDYSUyMGhyZWYlM0QlMjIlMkZ0aWJpZGFiby10aGUtc2t5bGluZSUyRiUyMiUzRSUzQyUyRmElM0U=[\/vc_raw_html][\/vc_column][\/vc_row][vc_row][vc_column][\/vc_column][\/vc_row]\n<\/div>","protected":false},"excerpt":{"rendered":"<p>[vc_row full_width=\u00bbstretch_row_content_no_spaces\u00bb content_placement=\u00bbmiddle\u00bb el_class=\u00bb.header-product\u00bb css=\u00bb.vc_custom_1697469996659{background-image: url(https:\/\/www.drivemebarcelona.com\/wp-content\/uploads\/2023\/10\/Tamano-de-banner-web_DriveMe_-3.jpg?id=15542) !important;background-position: center !important;background-repeat: no-repeat !important;background-size: cover !important;}\u00bb top_margin=\u00bb0&#8243;][vc_column][\/vc_column][\/vc_row][vc_row el_class=\u00bbcontainer-breadcrumbs\u00bb][vc_column][vc_raw_html el_id=\u00bbwpseo_breadcrumb\u00bb]JTVCd3BzZW9fYnJlYWRjcnVtYiU1RA==[\/vc_raw_html][\/vc_column][\/vc_row][vc_row el_class=\u00bb.m-intro mb-70-r\u00bb][vc_column css=\u00bb.vc_custom_1695721284395{margin-top: 5px !important;}\u00bb][vc_row_inner][vc_column_inner][vc_column_text css=\u00bb.vc_custom_1697529160425{margin-top: 6px !important;}\u00bb el_class=\u00bbmb-70&#8243;] [&hellip;]<\/p>\n","protected":false},"author":2,"featured_media":0,"parent":0,"menu_order":0,"comment_status":"closed","ping_status":"closed","template":"","meta":{"_acf_changed":false,"footnotes":""},"acf":[],"yoast_head":"<!-- This site is optimized with the Yoast SEO plugin v24.2 - https:\/\/yoast.com\/wordpress\/plugins\/seo\/ -->\n<title>Alquilar BMW M8 Competition - Drive Me Barcelona<\/title>\n<meta name=\"description\" content=\"Domina la carretera con el BMW M8 Competition. Este superdeportivo de alto rendimiento fusiona elegancia y potencia de manera extraordinaria.\" \/>\n<meta name=\"robots\" content=\"index, follow, max-snippet:-1, max-image-preview:large, max-video-preview:-1\" \/>\n<link rel=\"canonical\" href=\"https:\/\/www.drivemebarcelona.com\/es\/alquilar-bmw-m8-competition-barcelona\/\" \/>\n<meta property=\"og:locale\" content=\"es_ES\" \/>\n<meta property=\"og:type\" content=\"article\" \/>\n<meta property=\"og:title\" content=\"Alquilar BMW M8 Competition - Drive Me Barcelona\" \/>\n<meta property=\"og:description\" content=\"Domina la carretera con el BMW M8 Competition. Este superdeportivo de alto rendimiento fusiona elegancia y potencia de manera extraordinaria.\" \/>\n<meta property=\"og:url\" content=\"https:\/\/www.drivemebarcelona.com\/es\/alquilar-bmw-m8-competition-barcelona\/\" \/>\n<meta property=\"og:site_name\" content=\"Drive Me Barcelona\" \/>\n<meta property=\"article:publisher\" content=\"https:\/\/www.facebook.com\/drivemebarcelona\" \/>\n<meta property=\"article:modified_time\" content=\"2024-07-26T14:03:08+00:00\" \/>\n<script type=\"application\/ld+json\" class=\"yoast-schema-graph\">{\"@context\":\"https:\/\/schema.org\",\"@graph\":[{\"@type\":\"WebPage\",\"@id\":\"https:\/\/www.drivemebarcelona.com\/es\/alquilar-bmw-m8-competition-barcelona\/\",\"url\":\"https:\/\/www.drivemebarcelona.com\/es\/alquilar-bmw-m8-competition-barcelona\/\",\"name\":\"Alquilar BMW M8 Competition - Drive Me Barcelona\",\"isPartOf\":{\"@id\":\"https:\/\/www.drivemebarcelona.com\/#website\"},\"datePublished\":\"2023-10-17T10:44:11+00:00\",\"dateModified\":\"2024-07-26T14:03:08+00:00\",\"description\":\"Domina la carretera con el BMW M8 Competition. Este superdeportivo de alto rendimiento fusiona elegancia y potencia de manera extraordinaria.\",\"breadcrumb\":{\"@id\":\"https:\/\/www.drivemebarcelona.com\/es\/alquilar-bmw-m8-competition-barcelona\/#breadcrumb\"},\"inLanguage\":\"es\",\"potentialAction\":[{\"@type\":\"ReadAction\",\"target\":[\"https:\/\/www.drivemebarcelona.com\/es\/alquilar-bmw-m8-competition-barcelona\/\"]}]},{\"@type\":\"BreadcrumbList\",\"@id\":\"https:\/\/www.drivemebarcelona.com\/es\/alquilar-bmw-m8-competition-barcelona\/#breadcrumb\",\"itemListElement\":[{\"@type\":\"ListItem\",\"position\":1,\"name\":\"Home\",\"item\":\"https:\/\/www.drivemebarcelona.com\/es\/\"},{\"@type\":\"ListItem\",\"position\":2,\"name\":\"Alquilar BMW M8 Competition en Barcelona\"}]},{\"@type\":\"WebSite\",\"@id\":\"https:\/\/www.drivemebarcelona.com\/#website\",\"url\":\"https:\/\/www.drivemebarcelona.com\/\",\"name\":\"Drive Me Barcelona\",\"description\":\"Conduce un Ferrari en Barcelona\",\"publisher\":{\"@id\":\"https:\/\/www.drivemebarcelona.com\/#organization\"},\"potentialAction\":[{\"@type\":\"SearchAction\",\"target\":{\"@type\":\"EntryPoint\",\"urlTemplate\":\"https:\/\/www.drivemebarcelona.com\/?s={search_term_string}\"},\"query-input\":{\"@type\":\"PropertyValueSpecification\",\"valueRequired\":true,\"valueName\":\"search_term_string\"}}],\"inLanguage\":\"es\"},{\"@type\":\"Organization\",\"@id\":\"https:\/\/www.drivemebarcelona.com\/#organization\",\"name\":\"Drive Me Barcelona S.L.\",\"url\":\"https:\/\/www.drivemebarcelona.com\/\",\"logo\":{\"@type\":\"ImageObject\",\"inLanguage\":\"es\",\"@id\":\"https:\/\/www.drivemebarcelona.com\/#\/schema\/logo\/image\/\",\"url\":\"https:\/\/www.drivemebarcelona.com\/wp-content\/uploads\/2015\/01\/LOGO-maintenance\u00ae.png\",\"contentUrl\":\"https:\/\/www.drivemebarcelona.com\/wp-content\/uploads\/2015\/01\/LOGO-maintenance\u00ae.png\",\"width\":600,\"height\":145,\"caption\":\"Drive Me Barcelona S.L.\"},\"image\":{\"@id\":\"https:\/\/www.drivemebarcelona.com\/#\/schema\/logo\/image\/\"},\"sameAs\":[\"https:\/\/www.facebook.com\/drivemebarcelona\",\"https:\/\/x.com\/DriveMeBarcelon\",\"https:\/\/instagram.com\/drivemebarcelona\/\",\"https:\/\/es.pinterest.com\/drivemebarca\/\",\"https:\/\/www.youtube.com\/channel\/UCTBEtyrPd6HQ-QlERO84rxQ\"]}]}<\/script>\n<!-- \/ Yoast SEO plugin. -->","yoast_head_json":{"title":"Alquilar BMW M8 Competition - Drive Me Barcelona","description":"Domina la carretera con el BMW M8 Competition. Este superdeportivo de alto rendimiento fusiona elegancia y potencia de manera extraordinaria.","robots":{"index":"index","follow":"follow","max-snippet":"max-snippet:-1","max-image-preview":"max-image-preview:large","max-video-preview":"max-video-preview:-1"},"canonical":"https:\/\/www.drivemebarcelona.com\/es\/alquilar-bmw-m8-competition-barcelona\/","og_locale":"es_ES","og_type":"article","og_title":"Alquilar BMW M8 Competition - Drive Me Barcelona","og_description":"Domina la carretera con el BMW M8 Competition. Este superdeportivo de alto rendimiento fusiona elegancia y potencia de manera extraordinaria.","og_url":"https:\/\/www.drivemebarcelona.com\/es\/alquilar-bmw-m8-competition-barcelona\/","og_site_name":"Drive Me Barcelona","article_publisher":"https:\/\/www.facebook.com\/drivemebarcelona","article_modified_time":"2024-07-26T14:03:08+00:00","schema":{"@context":"https:\/\/schema.org","@graph":[{"@type":"WebPage","@id":"https:\/\/www.drivemebarcelona.com\/es\/alquilar-bmw-m8-competition-barcelona\/","url":"https:\/\/www.drivemebarcelona.com\/es\/alquilar-bmw-m8-competition-barcelona\/","name":"Alquilar BMW M8 Competition - Drive Me Barcelona","isPartOf":{"@id":"https:\/\/www.drivemebarcelona.com\/#website"},"datePublished":"2023-10-17T10:44:11+00:00","dateModified":"2024-07-26T14:03:08+00:00","description":"Domina la carretera con el BMW M8 Competition. Este superdeportivo de alto rendimiento fusiona elegancia y potencia de manera extraordinaria.","breadcrumb":{"@id":"https:\/\/www.drivemebarcelona.com\/es\/alquilar-bmw-m8-competition-barcelona\/#breadcrumb"},"inLanguage":"es","potentialAction":[{"@type":"ReadAction","target":["https:\/\/www.drivemebarcelona.com\/es\/alquilar-bmw-m8-competition-barcelona\/"]}]},{"@type":"BreadcrumbList","@id":"https:\/\/www.drivemebarcelona.com\/es\/alquilar-bmw-m8-competition-barcelona\/#breadcrumb","itemListElement":[{"@type":"ListItem","position":1,"name":"Home","item":"https:\/\/www.drivemebarcelona.com\/es\/"},{"@type":"ListItem","position":2,"name":"Alquilar BMW M8 Competition en Barcelona"}]},{"@type":"WebSite","@id":"https:\/\/www.drivemebarcelona.com\/#website","url":"https:\/\/www.drivemebarcelona.com\/","name":"Drive Me Barcelona","description":"Conduce un Ferrari en Barcelona","publisher":{"@id":"https:\/\/www.drivemebarcelona.com\/#organization"},"potentialAction":[{"@type":"SearchAction","target":{"@type":"EntryPoint","urlTemplate":"https:\/\/www.drivemebarcelona.com\/?s={search_term_string}"},"query-input":{"@type":"PropertyValueSpecification","valueRequired":true,"valueName":"search_term_string"}}],"inLanguage":"es"},{"@type":"Organization","@id":"https:\/\/www.drivemebarcelona.com\/#organization","name":"Drive Me Barcelona S.L.","url":"https:\/\/www.drivemebarcelona.com\/","logo":{"@type":"ImageObject","inLanguage":"es","@id":"https:\/\/www.drivemebarcelona.com\/#\/schema\/logo\/image\/","url":"https:\/\/www.drivemebarcelona.com\/wp-content\/uploads\/2015\/01\/LOGO-maintenance\u00ae.png","contentUrl":"https:\/\/www.drivemebarcelona.com\/wp-content\/uploads\/2015\/01\/LOGO-maintenance\u00ae.png","width":600,"height":145,"caption":"Drive Me Barcelona S.L."},"image":{"@id":"https:\/\/www.drivemebarcelona.com\/#\/schema\/logo\/image\/"},"sameAs":["https:\/\/www.facebook.com\/drivemebarcelona","https:\/\/x.com\/DriveMeBarcelon","https:\/\/instagram.com\/drivemebarcelona\/","https:\/\/es.pinterest.com\/drivemebarca\/","https:\/\/www.youtube.com\/channel\/UCTBEtyrPd6HQ-QlERO84rxQ"]}]}},"_links":{"self":[{"href":"https:\/\/www.drivemebarcelona.com\/es\/wp-json\/wp\/v2\/pages\/15537"}],"collection":[{"href":"https:\/\/www.drivemebarcelona.com\/es\/wp-json\/wp\/v2\/pages"}],"about":[{"href":"https:\/\/www.drivemebarcelona.com\/es\/wp-json\/wp\/v2\/types\/page"}],"author":[{"embeddable":true,"href":"https:\/\/www.drivemebarcelona.com\/es\/wp-json\/wp\/v2\/users\/2"}],"replies":[{"embeddable":true,"href":"https:\/\/www.drivemebarcelona.com\/es\/wp-json\/wp\/v2\/comments?post=15537"}],"version-history":[{"count":0,"href":"https:\/\/www.drivemebarcelona.com\/es\/wp-json\/wp\/v2\/pages\/15537\/revisions"}],"wp:attachment":[{"href":"https:\/\/www.drivemebarcelona.com\/es\/wp-json\/wp\/v2\/media?parent=15537"}],"curies":[{"name":"wp","href":"https:\/\/api.w.org\/{rel}","templated":true}]}}