{"id":24634,"date":"2026-01-19T11:39:33","date_gmt":"2026-01-19T10:39:33","guid":{"rendered":"https:\/\/www.drivemebarcelona.com\/?page_id=24634"},"modified":"2026-02-11T10:16:56","modified_gmt":"2026-02-11T09:16:56","slug":"alquilar-porsche-718-spyder-rs","status":"publish","type":"page","link":"https:\/\/www.drivemebarcelona.com\/es\/alquilar-porsche-718-spyder-rs\/","title":{"rendered":"Alquilar Porsche 718 Spyder RS"},"content":{"rendered":"<div class=\"wpb-content-wrapper\">[vc_row full_width=\u00bbstretch_row_content_no_spaces\u00bb content_placement=\u00bbmiddle\u00bb el_class=\u00bb.header-product\u00bb css=\u00bb.vc_custom_1769424934239{background-image: url(https:\/\/www.drivemebarcelona.com\/wp-content\/uploads\/2026\/01\/Frame-204.png?id=24787) !important;background-position: center !important;background-repeat: no-repeat !important;background-size: cover !important;}\u00bb top_margin=\u00bb0&#8243;][vc_column][\/vc_column][\/vc_row][vc_row el_class=\u00bbcontainer-breadcrumbs\u00bb][vc_column][vc_raw_html el_id=\u00bbwpseo_breadcrumb\u00bb]JTVCd3BzZW9fYnJlYWRjcnVtYiU1RA==[\/vc_raw_html][\/vc_column][\/vc_row][vc_row el_class=\u00bb.m-intro mb-70-r\u00bb][vc_column css=\u00bb.vc_custom_1695721284395{margin-top: 5px !important;}\u00bb][vc_row_inner][vc_column_inner][vc_column_text css=\u00bb.vc_custom_1768568712524{margin-top: 6px !important;}\u00bb el_class=\u00bbmb-70&#8243;]\n<h1 style=\"text-align: center;\"><b>Porsche 718 Spyder RS<\/b><\/h1>\n[\/vc_column_text][vc_column_text css=\u00bb.vc_custom_1768819680611{margin-top: 10px !important;margin-bottom: 20px !important;margin-left: -15px !important;}\u00bb el_class=\u00bbtitulares mb-20&#8243;]\n<p class=\"text-from\" style=\"text-align: center; font-weight: bold;\">2h desde 491\u20ac<\/p>\n[\/vc_column_text][vc_column_text css=\u00bb\u00bb el_class=\u00bbcontainer-block\u00bb]\n<p style=\"text-align: center;\">La combinaci\u00f3n perfecta entre la agilidad del <strong>718 Boxter<\/strong> y la potencia del <strong>911 GT3<\/strong>, unida en el <strong>inconfundible ADN RS<\/strong>. El Porsche 718 Spyder RS es la <strong>elecci\u00f3n perfecta<\/strong> para vivir la emoci\u00f3n de recorrer las ic\u00f3nicas calles de Barcelona o disfrutar de los impresionantes paisajes de Catalunya. \u00a1<strong>Alquila el Porsche 718 Spyder en Barcelona<\/strong> y siente la potencia y la deportividad en su m\u00e1xima expresi\u00f3n.<\/p>\n[\/vc_column_text][vc_btn title=\u00bbReservar ahora\u00bb style=\u00bbcustom\u00bb custom_background=\u00bb#e4231e\u00bb custom_text=\u00bb#ffffff\u00bb shape=\u00bbsquare\u00bb size=\u00bbxs\u00bb align=\u00bbcenter\u00bb css=\u00bb\u00bb el_class=\u00bbbtn-170&#8243; link=\u00bburl:%23reservation|title:%23reservation||\u00bb][\/vc_column_inner][\/vc_row_inner][\/vc_column][\/vc_row][vc_row full_width=\u00bbstretch_row\u00bb css=\u00bb.vc_custom_1696496711589{margin-bottom: 20px !important;background-color: #f5f5f5 !important;background-position: center !important;background-repeat: no-repeat !important;background-size: cover !important;}\u00bb el_class=\u00bb.section-bg .section-info\u00bb][vc_column][vc_row_inner css=\u00bb.vc_custom_1695721222959{padding-top: 20px !important;}\u00bb][vc_column_inner el_class=\u00bb.section-info-col\u00bb width=\u00bb1\/3&#8243; offset=\u00bbvc_col-xs-4&#8243;][vc_column_text css=\u00bb\u00bb el_class=\u00bb.check-bullet\u00bb]\n<h2 class=\"section-info-title\"><strong>Aceleraci\u00f3n<\/strong><\/h2>\n<p class=\"section-info-data\">3,4 seg<\/p>\n<p class=\"section-info-subdata\">0-100 km\/h<\/p>\n[\/vc_column_text][\/vc_column_inner][vc_column_inner el_class=\u00bb.section-info-col\u00bb width=\u00bb1\/3&#8243; offset=\u00bbvc_col-xs-4&#8243;][vc_column_text css=\u00bb\u00bb el_class=\u00bb.check-bullet\u00bb]\n<h2 class=\"section-info-title\"><strong>Potencia<\/strong><\/h2>\n<p class=\"section-info-data\">500 CV<\/p>\n<p class=\"section-info-subdata\">Seis cilindros Atmosf\u00e9rico<\/p>\n[\/vc_column_text][\/vc_column_inner][vc_column_inner el_class=\u00bb.section-info-col\u00bb width=\u00bb1\/3&#8243; offset=\u00bbvc_col-xs-4&#8243;][vc_column_text css=\u00bb\u00bb el_class=\u00bb.check-bullet\u00bb]\n<h2 class=\"section-info-title\"><strong>Asientos<\/strong><\/h2>\n<p class=\"section-info-data\">2<\/p>\n<p class=\"section-info-subdata\">Buckets<\/p>\n[\/vc_column_text][\/vc_column_inner][\/vc_row_inner][\/vc_column][\/vc_row][vc_row full_width=\u00bbstretch_row\u00bb equal_height=\u00bbyes\u00bb css=\u00bb.vc_custom_1696517822414{margin-top: 20px !important;}\u00bb][vc_column][vc_row_inner content_placement=\u00bbmiddle\u00bb][vc_column_inner width=\u00bb1\/2&#8243;][vc_single_image image=\u00bb24807&#8243; img_size=\u00bb550&#215;450&#8243; css=\u00bb\u00bb][\/vc_column_inner][vc_column_inner width=\u00bb1\/2&#8243; css=\u00bb.vc_custom_1696518857429{margin-top: -20px !important;}\u00bb][vc_column_text css=\u00bb\u00bb]\n<h2><strong>Esp\u00edritu GT3<\/strong><\/h2>\n<p>Impulsado por el<strong> mismo motor b\u00f3xer atmosf\u00e9rico de 4.0 litros y seis cilindros que el 911 GT3<\/strong>, con tracci\u00f3n trasera, desarrolla una potencia de 500 CV y un par m\u00e1ximo de 450 Nm, con un r\u00e9gimen de giro que alcanza las 9.000 rpm. Asociado a una <strong>r\u00e1pida transmisi\u00f3n autom\u00e1tica PDK de 7 velocidades<\/strong>, acelera de 0 a 100 km\/h en solo 3,4 segundos y alcanza una velocidad m\u00e1xima de 308 km\/h. Un rendimiento<strong> claramente superior al del 718 Spyder convencional<\/strong>, logrando el 0 a 100 km\/h medio segundo m\u00e1s r\u00e1pido y superando su velocidad m\u00e1xima en 8 km\/h.[\/vc_column_text][\/vc_column_inner][\/vc_row_inner][vc_row_inner content_placement=\u00bbmiddle\u00bb][vc_column_inner width=\u00bb1\/2&#8243;][vc_single_image image=\u00bb24652&#8243; img_size=\u00bb550&#215;450&#8243; css=\u00bb\u00bb el_class=\u00bbhide_md_lg\u00bb][vc_column_text css=\u00bb.vc_custom_1769505959250{margin-top: -10px !important;}\u00bb]\n<h2><strong>Aerodin\u00e1mica como prioridad, sin renunciar a su esencias<\/strong><\/h2>\n<p>Con la aerodin\u00e1mica como eje central de su dise\u00f1o, presenta una<strong> silueta compacta y purista<\/strong> que mantiene intacta la esencia Boxster. Incorpora una <strong>ligera capota de lona<\/strong> de una sola capa, de accionamiento manual, que permite disfrutar a cielo abierto de la sinfon\u00eda de su motor. <strong>Sus elementos aerodin\u00e1micos refuerzan su car\u00e1cter RS<\/strong>, con una amplia toma de aire sobre el parachoques delantero, las inconfundibles aletas en los laterales del cap\u00f3, diversas tomas de aire repartidas en su carrocer\u00eda, y un aler\u00f3n trasero tipo cola de pato que culmina el conjunto.[\/vc_column_text][\/vc_column_inner][vc_column_inner width=\u00bb1\/2&#8243; offset=\u00bbvc_hidden-xs\u00bb][vc_single_image image=\u00bb24652&#8243; img_size=\u00bb550&#215;450&#8243; css=\u00bb\u00bb][\/vc_column_inner][\/vc_row_inner][vc_row_inner content_placement=\u00bbmiddle\u00bb][vc_column_inner width=\u00bb1\/2&#8243;][vc_single_image image=\u00bb24642&#8243; img_size=\u00bb550&#215;450&#8243; css=\u00bb\u00bb][\/vc_column_inner][vc_column_inner width=\u00bb1\/2&#8243; css=\u00bb.vc_custom_1696518960264{margin-top: -30px !important;}\u00bb][vc_column_text css=\u00bb.vc_custom_1770801383343{margin-top: -10px !important;}\u00bb]\n<h2><strong>Un interior centrado en el conductor<\/strong><\/h2>\n<p>El interior est\u00e1 <strong>concebido para el conductor y para una experiencia de conducci\u00f3n pura<\/strong>, con un dise\u00f1o funcional y deportivo. El volante deportivo RS prescinde de botones, reforzando su enfoque m\u00e1s purista. Los <strong>asientos tipo baquet<\/strong>, fabricados en fibra de carbono y revestidos en cuero negro con centros en Race-Tex rojo, ofrecen una <strong>sujeci\u00f3n lateral excepcional<\/strong>. El conjunto se completa con un sistema de infoentretenimiento con pantalla t\u00e1ctil central de 7\u201d, que permite acceder f\u00e1cilmente a las configuraciones del veh\u00edculo, el sistema Porsche Connect, navegaci\u00f3n integrada y <strong>compatibilidad con Apple CarPlay<\/strong>.[\/vc_column_text][\/vc_column_inner][\/vc_row_inner][vc_row_inner content_placement=\u00bbmiddle\u00bb][vc_column_inner width=\u00bb1\/2&#8243;][vc_single_image image=\u00bb24646&#8243; img_size=\u00bb550&#215;450&#8243; css=\u00bb\u00bb el_class=\u00bbhide_md_lg\u00bb][vc_column_text css=\u00bb\u00bb]\n<h2><strong>Paquete Weissach incorporado<\/strong><\/h2>\n<p>Equipado con el paquete Weissach, el <strong>uso intensivo de fibra de carbono para maximizar su ligereza<\/strong> se hace protagonista en la carrocer\u00eda: desde el cap\u00f3 y las cubiertas de los retrovisores hasta las molduras laterales y las tomas de aire situadas detr\u00e1s del conductor y el acompa\u00f1ante. Los <strong>tubos del sistema de escape en titanio<\/strong> contribuyen igualmente a reducir peso y a reforzar su car\u00e1cter deportivo. <strong>El interior sigue la misma filosof\u00eda<\/strong>, con m\u00faltiples elementos en fibra de carbono, el logotipo Weissach bordado en los reposacabezas y la parte superior del tablero cubierta en Race-Tex antideslumbrante.[\/vc_column_text][\/vc_column_inner][vc_column_inner width=\u00bb1\/2&#8243; offset=\u00bbvc_hidden-xs\u00bb][vc_single_image image=\u00bb24646&#8243; img_size=\u00bb550&#215;450&#8243; css=\u00bb\u00bb][\/vc_column_inner][\/vc_row_inner][\/vc_column][\/vc_row][vc_row full_width=\u00bbstretch_row\u00bb el_class=\u00bbrow-reservation mb-40&#8243;][vc_column css=\u00bb.vc_custom_1694588350287{padding-top: 35px !important;}\u00bb][vc_row_inner content_placement=\u00bbmiddle\u00bb el_id=\u00bbreservation\u00bb][vc_column_inner width=\u00bb1\/2&#8243;][vc_column_text css=\u00bb\u00bb]\n<div class=\"iframe-block\">\n<style>.iframe-block{width:300px;margin:0 auto;text-align:center}#rzd-modal .rzd-modal__close{padding:0 0 0 14px!important;border-radius:0 0 0 3px!important;height:30px!important;width:20px!important}<\/style>\n<p><script defer=\"\" type=\"text\/javascript\" src=\"https:\/\/drivemebarcelona.rezdy.com\/pluginJs\"><\/script><iframe loading=\"lazy\" class=\"rezdy\" src=\"https:\/\/drivemebarcelona.rezdy.com\/calendarWidget\/737542?iframe=true&amp;lang=es\" width=\"260px\" height=\"320px\" frameborder=\"0\" seamless=\"\"><\/iframe><\/p>\n<\/div>\n[\/vc_column_text][\/vc_column_inner][vc_column_inner width=\u00bb1\/2&#8243;][vc_column_text css=\u00bb.vc_custom_1769507849333{margin-top: -10px !important;}\u00bb]\n<h2><strong>Alquilar <b>Porsche 718 Spyder RS<\/b><\/strong><\/h2>\n<p>Para reservar, selecciona tu fecha de alquiler para el <b>Porsche 718 Spyder RS<\/b>\u00a0en el calendario.<\/p>\n<div id=\"texto\">* Para alquilar tu Porsche 718 Spyder RS por horas o d\u00edas, debes tener al menos 26 a\u00f1os de edad y realizar un dep\u00f3sito de 5.000 \u20ac el d\u00eda del alquiler.<\/div>\n<div id=\"texto\">* En algunas promociones, el total de kil\u00f3metros incluidos puede variar. Consulta nuestros T\u00e9rminos y Condiciones para m\u00e1s informaci\u00f3n.<\/div>\n<div id=\"texto1\"><span style=\"color: #e4231e;\"><a style=\"color: #e4231e;\" href=\"#21\">Conduce un Porsche 718 Spyder RS desde 26 a\u00f1os y sin fianza<\/a><\/span><\/div>\n[\/vc_column_text][\/vc_column_inner][\/vc_row_inner][\/vc_column][\/vc_row][vc_row full_width=\u00bbstretch_row\u00bb equal_height=\u00bbyes\u00bb fullwidth=\u00bbyes\u00bb el_class=\u00bbslider-full mb-70-r\u00bb][vc_column css=\u00bb.vc_custom_1696495163931{margin-top: 50px !important;margin-bottom: 0px !important;}\u00bb el_class=\u00bb.text-center-md\u00bb][vc_masonry_media_grid element_width=\u00bb3&#8243; gap=\u00bb10&#8243; item=\u00bbmediaGrid_Default\u00bb css=\u00bb\u00bb initial_loading_animation=\u00bbfadeIn\u00bb grid_id=\u00bbvc_gid:1770800872381-9b233e24-163e-3&#8243; include=\u00bb24649,24659,24661,24648,24657,24640,24643,24655&#8243;][vc_btn title=\u00bbReservar ahora\u00bb style=\u00bbcustom\u00bb custom_background=\u00bb#e4231e\u00bb custom_text=\u00bb#ffffff\u00bb shape=\u00bbsquare\u00bb size=\u00bbxs\u00bb align=\u00bbcenter\u00bb css=\u00bb.vc_custom_1732624457186{margin-top: 30px !important;}\u00bb el_class=\u00bbbtn-170&#8243; link=\u00bburl:%23reservation|title:%23reservation||\u00bb][\/vc_column][\/vc_row][vc_row full_width=\u00bbstretch_row\u00bb css=\u00bb.vc_custom_1694588127651{margin-top: 22px !important;margin-bottom: 0px !important;background-color: #f5f5f5 !important;}\u00bb el_class=\u00bbpt-30&#8243;][vc_column css=\u00bb.vc_custom_1696520816978{padding-top: 22px !important;}\u00bb el_id=\u00bb21&#8243;][vc_column_text css=\u00bb\u00bb]\n<h2 style=\"text-align: center;\">Conduce un Superdeportivo en Barcelona<\/h2>\n[\/vc_column_text][vc_column_text css=\u00bb\u00bb]\n<p style=\"text-align: center;\">Elige uno de nuestros City Tours y descubre Barcelona al volante de un superdeportivo con un gu\u00eda experto a tu lado<\/p>\n[\/vc_column_text][vc_column_text css=\u00bb.vc_custom_1753713889301{margin-top: -20px !important;}\u00bb]\n<div id=\"texto4\" class=\"text-intro\" style=\"text-align: center;\"><span style=\"font-weight: 200; color: #000000;\">Conduce un superdeportivo desde 26 a\u00f1os y sin fianza.<\/span><\/div>\n[\/vc_column_text][\/vc_column][\/vc_row][vc_row full_width=\u00bbstretch_row\u00bb gap=\u00bb25&#8243; equal_height=\u00bbyes\u00bb el_class=\u00bb.section-experiences mb-70 pb-70-r\u00bb css=\u00bb.vc_custom_1696509765801{background-color: #f5f5f5 !important;}\u00bb][vc_column width=\u00bb1\/4&#8243; css=\u00bb.vc_custom_1706177412485{background-image: url(https:\/\/www.drivemebarcelona.com\/wp-content\/uploads\/2024\/01\/Miniatura-Test-Drive-10-mins-version-dark-v2.jpg?id=17106) !important;background-position: center !important;background-repeat: no-repeat !important;background-size: cover !important;}\u00bb el_class=\u00bbexperience-column experiencias-block-link\u00bb][vc_column_text]\n<h3 class=\"experience-title\">Test Drive<\/h3>\n<p class=\"experience-time\">10 minutos<\/p>\n<p class=\"experience-price\">desde 48 \u20ac<\/p>\n[\/vc_column_text][vc_raw_html]JTNDYSUyMGhyZWYlM0QlMjIlMkZlcyUyRnRlc3QtZHJpdmUtYmFyY2Vsb25hLXNwJTJGJTIyJTNFJTNDJTJGYSUzRQ==[\/vc_raw_html][\/vc_column][vc_column width=\u00bb1\/4&#8243; css=\u00bb.vc_custom_1695889399923{background-image: url(\/wp-content\/uploads\/2019\/08\/Barceloneta-experience.jpg?id=10346) !important;background-position: center !important;background-repeat: no-repeat !important;background-size: cover !important;}\u00bb el_class=\u00bbexperience-column experiencias-block-link\u00bb][vc_column_text]\n<h3 class=\"experience-title\">Barceloneta y la playa<\/h3>\n<p class=\"experience-time\">20 minutos<\/p>\n<p class=\"experience-price\">desde 98 \u20ac<\/p>\n[\/vc_column_text][vc_raw_html]JTNDYSUyMGhyZWYlM0QlMjIlMkZlcyUyRmJhcmNlbG9uZXRhLWxhLXBsYXlhJTJGJTIyJTNFJTNDJTJGYSUzRQ==[\/vc_raw_html][\/vc_column][vc_column width=\u00bb1\/4&#8243; css=\u00bb.vc_custom_1695889408715{background-image: url(\/wp-content\/uploads\/2019\/08\/Montjuic-experience.jpg?id=10348) !important;background-position: center !important;background-repeat: no-repeat !important;background-size: cover !important;}\u00bb el_class=\u00bbexperience-column experiencias-block-link\u00bb][vc_column_text]\n<h3 class=\"experience-titlev2\">Montjuic y Circuito urbano de F1<\/h3>\n<p class=\"experience-time\">40 minutos<\/p>\n<p class=\"experience-price\">desde 188 \u20ac<\/p>\n[\/vc_column_text][vc_raw_html]JTNDYSUyMGhyZWYlM0QlMjIlMkZlcyUyRm1vbnRqdWljLWNpcmN1aXRvLXVyYmFuby1mMSUyRiUyMiUzRSUzQyUyRmElM0U=[\/vc_raw_html][\/vc_column][vc_column width=\u00bb1\/4&#8243; css=\u00bb.vc_custom_1695889416933{background-image: url(\/wp-content\/uploads\/2019\/08\/Tibidabo-experience.jpg?id=10350) !important;background-position: center !important;background-repeat: no-repeat !important;background-size: cover !important;}\u00bb el_class=\u00bbexperience-column experiencias-block-link\u00bb][vc_column_text]\n<h3 class=\"experience-title\">Tibidabo y el Skyline<\/h3>\n<p class=\"experience-time\">90 minutos<\/p>\n<p class=\"experience-price\">desde 368 \u20ac<\/p>\n[\/vc_column_text][vc_raw_html]JTNDYSUyMGhyZWYlM0QlMjIlMkZlcyUyRnRpYmlkYWJvLXktc2t5bGluZSUyRiUyMiUzRSUzQyUyRmElM0U=[\/vc_raw_html][\/vc_column][\/vc_row][vc_row][vc_column][\/vc_column][\/vc_row]\n<\/div>","protected":false},"excerpt":{"rendered":"<p>[vc_row full_width=\u00bbstretch_row_content_no_spaces\u00bb content_placement=\u00bbmiddle\u00bb el_class=\u00bb.header-product\u00bb css=\u00bb.vc_custom_1769424934239{background-image: url(https:\/\/www.drivemebarcelona.com\/wp-content\/uploads\/2026\/01\/Frame-204.png?id=24787) !important;background-position: center !important;background-repeat: no-repeat !important;background-size: cover !important;}\u00bb top_margin=\u00bb0&#8243;][vc_column][\/vc_column][\/vc_row][vc_row el_class=\u00bbcontainer-breadcrumbs\u00bb][vc_column][vc_raw_html el_id=\u00bbwpseo_breadcrumb\u00bb]JTVCd3BzZW9fYnJlYWRjcnVtYiU1RA==[\/vc_raw_html][\/vc_column][\/vc_row][vc_row el_class=\u00bb.m-intro mb-70-r\u00bb][vc_column css=\u00bb.vc_custom_1695721284395{margin-top: 5px !important;}\u00bb][vc_row_inner][vc_column_inner][vc_column_text css=\u00bb.vc_custom_1768568712524{margin-top: 6px !important;}\u00bb el_class=\u00bbmb-70&#8243;] [&hellip;]<\/p>\n","protected":false},"author":25,"featured_media":24787,"parent":0,"menu_order":0,"comment_status":"closed","ping_status":"closed","template":"","meta":{"_acf_changed":false,"footnotes":""},"acf":[],"yoast_head":"<!-- This site is optimized with the Yoast SEO plugin v24.2 - https:\/\/yoast.com\/wordpress\/plugins\/seo\/ -->\n<title>Alquilar Porsche 718 Spyder RS - Drive Me Barcelona<\/title>\n<meta name=\"description\" content=\"Alquiler Porsche 718 Spyder RS en Barcelona desde 491\u20ac, por 2 horas hasta un mes, con experiencias de conducci\u00f3n personalizadas.\" \/>\n<meta name=\"robots\" content=\"index, follow, max-snippet:-1, max-image-preview:large, max-video-preview:-1\" \/>\n<link rel=\"canonical\" href=\"https:\/\/www.drivemebarcelona.com\/es\/alquilar-porsche-718-spyder-rs\/\" \/>\n<meta property=\"og:locale\" content=\"es_ES\" \/>\n<meta property=\"og:type\" content=\"article\" \/>\n<meta property=\"og:title\" content=\"Alquilar Porsche 718 Spyder RS - Drive Me Barcelona\" \/>\n<meta property=\"og:description\" content=\"Alquiler Porsche 718 Spyder RS en Barcelona desde 491\u20ac, por 2 horas hasta un mes, con experiencias de conducci\u00f3n personalizadas.\" \/>\n<meta property=\"og:url\" content=\"https:\/\/www.drivemebarcelona.com\/es\/alquilar-porsche-718-spyder-rs\/\" \/>\n<meta property=\"og:site_name\" content=\"Drive Me Barcelona\" \/>\n<meta property=\"article:publisher\" content=\"https:\/\/www.facebook.com\/drivemebarcelona\" \/>\n<meta property=\"article:modified_time\" content=\"2026-02-11T09:16:56+00:00\" \/>\n<meta property=\"og:image\" content=\"https:\/\/www.drivemebarcelona.com\/wp-content\/uploads\/2026\/01\/Frame-204-1024x512.png\" \/>\n\t<meta property=\"og:image:width\" content=\"1024\" \/>\n\t<meta property=\"og:image:height\" content=\"512\" \/>\n\t<meta property=\"og:image:type\" content=\"image\/png\" \/>\n<script type=\"application\/ld+json\" class=\"yoast-schema-graph\">{\"@context\":\"https:\/\/schema.org\",\"@graph\":[{\"@type\":\"WebPage\",\"@id\":\"https:\/\/www.drivemebarcelona.com\/es\/alquilar-porsche-718-spyder-rs\/\",\"url\":\"https:\/\/www.drivemebarcelona.com\/es\/alquilar-porsche-718-spyder-rs\/\",\"name\":\"Alquilar Porsche 718 Spyder RS - Drive Me Barcelona\",\"isPartOf\":{\"@id\":\"https:\/\/www.drivemebarcelona.com\/#website\"},\"primaryImageOfPage\":{\"@id\":\"https:\/\/www.drivemebarcelona.com\/es\/alquilar-porsche-718-spyder-rs\/#primaryimage\"},\"image\":{\"@id\":\"https:\/\/www.drivemebarcelona.com\/es\/alquilar-porsche-718-spyder-rs\/#primaryimage\"},\"thumbnailUrl\":\"https:\/\/www.drivemebarcelona.com\/wp-content\/uploads\/2026\/01\/Frame-204.png\",\"datePublished\":\"2026-01-19T10:39:33+00:00\",\"dateModified\":\"2026-02-11T09:16:56+00:00\",\"description\":\"Alquiler Porsche 718 Spyder RS en Barcelona desde 491\u20ac, por 2 horas hasta un mes, con experiencias de conducci\u00f3n personalizadas.\",\"breadcrumb\":{\"@id\":\"https:\/\/www.drivemebarcelona.com\/es\/alquilar-porsche-718-spyder-rs\/#breadcrumb\"},\"inLanguage\":\"es\",\"potentialAction\":[{\"@type\":\"ReadAction\",\"target\":[\"https:\/\/www.drivemebarcelona.com\/es\/alquilar-porsche-718-spyder-rs\/\"]}]},{\"@type\":\"ImageObject\",\"inLanguage\":\"es\",\"@id\":\"https:\/\/www.drivemebarcelona.com\/es\/alquilar-porsche-718-spyder-rs\/#primaryimage\",\"url\":\"https:\/\/www.drivemebarcelona.com\/wp-content\/uploads\/2026\/01\/Frame-204.png\",\"contentUrl\":\"https:\/\/www.drivemebarcelona.com\/wp-content\/uploads\/2026\/01\/Frame-204.png\",\"width\":5200,\"height\":2600,\"caption\":\"Porsche 718 Spyder RS\"},{\"@type\":\"BreadcrumbList\",\"@id\":\"https:\/\/www.drivemebarcelona.com\/es\/alquilar-porsche-718-spyder-rs\/#breadcrumb\",\"itemListElement\":[{\"@type\":\"ListItem\",\"position\":1,\"name\":\"Home\",\"item\":\"https:\/\/www.drivemebarcelona.com\/es\/\"},{\"@type\":\"ListItem\",\"position\":2,\"name\":\"Alquilar Porsche 718 Spyder RS\"}]},{\"@type\":\"WebSite\",\"@id\":\"https:\/\/www.drivemebarcelona.com\/#website\",\"url\":\"https:\/\/www.drivemebarcelona.com\/\",\"name\":\"Drive Me Barcelona\",\"description\":\"Conduce un Ferrari en Barcelona\",\"publisher\":{\"@id\":\"https:\/\/www.drivemebarcelona.com\/#organization\"},\"potentialAction\":[{\"@type\":\"SearchAction\",\"target\":{\"@type\":\"EntryPoint\",\"urlTemplate\":\"https:\/\/www.drivemebarcelona.com\/?s={search_term_string}\"},\"query-input\":{\"@type\":\"PropertyValueSpecification\",\"valueRequired\":true,\"valueName\":\"search_term_string\"}}],\"inLanguage\":\"es\"},{\"@type\":\"Organization\",\"@id\":\"https:\/\/www.drivemebarcelona.com\/#organization\",\"name\":\"Drive Me Barcelona S.L.\",\"url\":\"https:\/\/www.drivemebarcelona.com\/\",\"logo\":{\"@type\":\"ImageObject\",\"inLanguage\":\"es\",\"@id\":\"https:\/\/www.drivemebarcelona.com\/#\/schema\/logo\/image\/\",\"url\":\"https:\/\/www.drivemebarcelona.com\/wp-content\/uploads\/2015\/01\/LOGO-maintenance\u00ae.png\",\"contentUrl\":\"https:\/\/www.drivemebarcelona.com\/wp-content\/uploads\/2015\/01\/LOGO-maintenance\u00ae.png\",\"width\":600,\"height\":145,\"caption\":\"Drive Me Barcelona S.L.\"},\"image\":{\"@id\":\"https:\/\/www.drivemebarcelona.com\/#\/schema\/logo\/image\/\"},\"sameAs\":[\"https:\/\/www.facebook.com\/drivemebarcelona\",\"https:\/\/x.com\/DriveMeBarcelon\",\"https:\/\/instagram.com\/drivemebarcelona\/\",\"https:\/\/es.pinterest.com\/drivemebarca\/\",\"https:\/\/www.youtube.com\/channel\/UCTBEtyrPd6HQ-QlERO84rxQ\"]}]}<\/script>\n<!-- \/ Yoast SEO plugin. -->","yoast_head_json":{"title":"Alquilar Porsche 718 Spyder RS - Drive Me Barcelona","description":"Alquiler Porsche 718 Spyder RS en Barcelona desde 491\u20ac, por 2 horas hasta un mes, con experiencias de conducci\u00f3n personalizadas.","robots":{"index":"index","follow":"follow","max-snippet":"max-snippet:-1","max-image-preview":"max-image-preview:large","max-video-preview":"max-video-preview:-1"},"canonical":"https:\/\/www.drivemebarcelona.com\/es\/alquilar-porsche-718-spyder-rs\/","og_locale":"es_ES","og_type":"article","og_title":"Alquilar Porsche 718 Spyder RS - Drive Me Barcelona","og_description":"Alquiler Porsche 718 Spyder RS en Barcelona desde 491\u20ac, por 2 horas hasta un mes, con experiencias de conducci\u00f3n personalizadas.","og_url":"https:\/\/www.drivemebarcelona.com\/es\/alquilar-porsche-718-spyder-rs\/","og_site_name":"Drive Me Barcelona","article_publisher":"https:\/\/www.facebook.com\/drivemebarcelona","article_modified_time":"2026-02-11T09:16:56+00:00","og_image":[{"width":1024,"height":512,"url":"https:\/\/www.drivemebarcelona.com\/wp-content\/uploads\/2026\/01\/Frame-204-1024x512.png","type":"image\/png"}],"schema":{"@context":"https:\/\/schema.org","@graph":[{"@type":"WebPage","@id":"https:\/\/www.drivemebarcelona.com\/es\/alquilar-porsche-718-spyder-rs\/","url":"https:\/\/www.drivemebarcelona.com\/es\/alquilar-porsche-718-spyder-rs\/","name":"Alquilar Porsche 718 Spyder RS - Drive Me Barcelona","isPartOf":{"@id":"https:\/\/www.drivemebarcelona.com\/#website"},"primaryImageOfPage":{"@id":"https:\/\/www.drivemebarcelona.com\/es\/alquilar-porsche-718-spyder-rs\/#primaryimage"},"image":{"@id":"https:\/\/www.drivemebarcelona.com\/es\/alquilar-porsche-718-spyder-rs\/#primaryimage"},"thumbnailUrl":"https:\/\/www.drivemebarcelona.com\/wp-content\/uploads\/2026\/01\/Frame-204.png","datePublished":"2026-01-19T10:39:33+00:00","dateModified":"2026-02-11T09:16:56+00:00","description":"Alquiler Porsche 718 Spyder RS en Barcelona desde 491\u20ac, por 2 horas hasta un mes, con experiencias de conducci\u00f3n personalizadas.","breadcrumb":{"@id":"https:\/\/www.drivemebarcelona.com\/es\/alquilar-porsche-718-spyder-rs\/#breadcrumb"},"inLanguage":"es","potentialAction":[{"@type":"ReadAction","target":["https:\/\/www.drivemebarcelona.com\/es\/alquilar-porsche-718-spyder-rs\/"]}]},{"@type":"ImageObject","inLanguage":"es","@id":"https:\/\/www.drivemebarcelona.com\/es\/alquilar-porsche-718-spyder-rs\/#primaryimage","url":"https:\/\/www.drivemebarcelona.com\/wp-content\/uploads\/2026\/01\/Frame-204.png","contentUrl":"https:\/\/www.drivemebarcelona.com\/wp-content\/uploads\/2026\/01\/Frame-204.png","width":5200,"height":2600,"caption":"Porsche 718 Spyder RS"},{"@type":"BreadcrumbList","@id":"https:\/\/www.drivemebarcelona.com\/es\/alquilar-porsche-718-spyder-rs\/#breadcrumb","itemListElement":[{"@type":"ListItem","position":1,"name":"Home","item":"https:\/\/www.drivemebarcelona.com\/es\/"},{"@type":"ListItem","position":2,"name":"Alquilar Porsche 718 Spyder RS"}]},{"@type":"WebSite","@id":"https:\/\/www.drivemebarcelona.com\/#website","url":"https:\/\/www.drivemebarcelona.com\/","name":"Drive Me Barcelona","description":"Conduce un Ferrari en Barcelona","publisher":{"@id":"https:\/\/www.drivemebarcelona.com\/#organization"},"potentialAction":[{"@type":"SearchAction","target":{"@type":"EntryPoint","urlTemplate":"https:\/\/www.drivemebarcelona.com\/?s={search_term_string}"},"query-input":{"@type":"PropertyValueSpecification","valueRequired":true,"valueName":"search_term_string"}}],"inLanguage":"es"},{"@type":"Organization","@id":"https:\/\/www.drivemebarcelona.com\/#organization","name":"Drive Me Barcelona S.L.","url":"https:\/\/www.drivemebarcelona.com\/","logo":{"@type":"ImageObject","inLanguage":"es","@id":"https:\/\/www.drivemebarcelona.com\/#\/schema\/logo\/image\/","url":"https:\/\/www.drivemebarcelona.com\/wp-content\/uploads\/2015\/01\/LOGO-maintenance\u00ae.png","contentUrl":"https:\/\/www.drivemebarcelona.com\/wp-content\/uploads\/2015\/01\/LOGO-maintenance\u00ae.png","width":600,"height":145,"caption":"Drive Me Barcelona S.L."},"image":{"@id":"https:\/\/www.drivemebarcelona.com\/#\/schema\/logo\/image\/"},"sameAs":["https:\/\/www.facebook.com\/drivemebarcelona","https:\/\/x.com\/DriveMeBarcelon","https:\/\/instagram.com\/drivemebarcelona\/","https:\/\/es.pinterest.com\/drivemebarca\/","https:\/\/www.youtube.com\/channel\/UCTBEtyrPd6HQ-QlERO84rxQ"]}]}},"_links":{"self":[{"href":"https:\/\/www.drivemebarcelona.com\/es\/wp-json\/wp\/v2\/pages\/24634"}],"collection":[{"href":"https:\/\/www.drivemebarcelona.com\/es\/wp-json\/wp\/v2\/pages"}],"about":[{"href":"https:\/\/www.drivemebarcelona.com\/es\/wp-json\/wp\/v2\/types\/page"}],"author":[{"embeddable":true,"href":"https:\/\/www.drivemebarcelona.com\/es\/wp-json\/wp\/v2\/users\/25"}],"replies":[{"embeddable":true,"href":"https:\/\/www.drivemebarcelona.com\/es\/wp-json\/wp\/v2\/comments?post=24634"}],"version-history":[{"count":4,"href":"https:\/\/www.drivemebarcelona.com\/es\/wp-json\/wp\/v2\/pages\/24634\/revisions"}],"predecessor-version":[{"id":25140,"href":"https:\/\/www.drivemebarcelona.com\/es\/wp-json\/wp\/v2\/pages\/24634\/revisions\/25140"}],"wp:featuredmedia":[{"embeddable":true,"href":"https:\/\/www.drivemebarcelona.com\/es\/wp-json\/wp\/v2\/media\/24787"}],"wp:attachment":[{"href":"https:\/\/www.drivemebarcelona.com\/es\/wp-json\/wp\/v2\/media?parent=24634"}],"curies":[{"name":"wp","href":"https:\/\/api.w.org\/{rel}","templated":true}]}}